{"id":2165,"date":"2022-10-11T23:09:00","date_gmt":"2022-10-11T23:09:00","guid":{"rendered":"https:\/\/devotion.es\/pagina-principal\/"},"modified":"2023-11-05T15:33:18","modified_gmt":"2023-11-05T15:33:18","slug":"pagina-principal","status":"publish","type":"page","link":"https:\/\/devotion.es\/","title":{"rendered":"P\u00e1gina principal"},"content":{"rendered":"\t<div class=\"cnvs-block-section cnvs-block-section-1569849474519 cnvs-block-section-layout-full cnvs-block-section-fullwidth\" >\n\t\t<div class=\"cnvs-block-section-outer\" style=\"\">\n\t\t\t<div class=\"cnvs-block-section-inner\">\n\t\t\t\t\n\n<div class=\"cnvs-block-section-content cnvs-block-section-content-1569849480187\" >\n\t<div class=\"cnvs-block-section-content-inner\">\n\t\t\n\n\t<div class=\"cnvs-block-posts cnvs-block-featured-posts-1569849485718 cnvs-block-posts-layout-tiles-1\">\n\n\t\t<div class=\"cs-block-tiles tiles-1\">\n\n\t\t\t<div class=\"tiles-outer\">\n\n\t\t\t\t\n\t\t\t\t\t<article class=\" layout-type-primary layout-size-large layout-typography-large post-3146 post type-post status-publish format-standard has-post-thumbnail category-eventos category-lifestyle category-news\">\n\n\t\t\t\t\t\t<div class=\"post-outer overlay\">\n\t\t\t\t\t\t\t<div class=\"overlay-media parallax\" >\n\t\t\t\t\t\t\t\t<img loading=\"lazy\" decoding=\"async\" width=\"560\" height=\"560\" src=\"https:\/\/devotion.es\/wp-content\/uploads\/2026\/04\/casa-decor-2026-fachada-001-560x560.jpg\" class=\"jarallax-img wp-post-image\" alt=\"\" srcset=\"https:\/\/devotion.es\/wp-content\/uploads\/2026\/04\/casa-decor-2026-fachada-001-560x560.jpg 560w, https:\/\/devotion.es\/wp-content\/uploads\/2026\/04\/casa-decor-2026-fachada-001-80x80.jpg 80w, https:\/\/devotion.es\/wp-content\/uploads\/2026\/04\/casa-decor-2026-fachada-001-120x120.jpg 120w, https:\/\/devotion.es\/wp-content\/uploads\/2026\/04\/casa-decor-2026-fachada-001-90x90.jpg 90w, https:\/\/devotion.es\/wp-content\/uploads\/2026\/04\/casa-decor-2026-fachada-001-320x320.jpg 320w, https:\/\/devotion.es\/wp-content\/uploads\/2026\/04\/casa-decor-2026-fachada-001-800x800.jpg 800w, https:\/\/devotion.es\/wp-content\/uploads\/2026\/04\/casa-decor-2026-fachada-001-1160x1160.jpg 1160w, https:\/\/devotion.es\/wp-content\/uploads\/2026\/04\/casa-decor-2026-fachada-001-1920x1920.jpg 1920w\" sizes=\"auto, (max-width: 560px) 100vw, 560px\" \/>\t\t\t\t\t\t\t<\/div>\n\n\t\t\t\t\t\t\t<div class=\"overlay-outer post-inner\">\n\t\t\t\t\t\t\t\t<div class=\"overlay-inner\">\n\n\t\t\t\t\t\t\t\t\t<ul class=\"post-meta\"><li class=\"meta-category\"><ul class=\"post-categories\">\n\t<li><a href=\"https:\/\/devotion.es\/?cat=19\" rel=\"category\">Eventos<\/a><\/li>\n\t<li><a href=\"https:\/\/devotion.es\/?cat=10\" rel=\"category\">Lifestyle<\/a><\/li>\n\t<li><a href=\"https:\/\/devotion.es\/?cat=9\" rel=\"category\">News<\/a><\/li><\/ul><\/li><\/ul>\n\t\t\t\t\t\t\t\t\t<h2 class=\"entry-title\">\n\t\t\t\t\t\t\t\t\t\t<a href=\"https:\/\/devotion.es\/?p=3146\">Casa Decor 2026: Una Edici\u00f3n de Oro en el Coraz\u00f3n de las Letras<\/a>\n\t\t\t\t\t\t\t\t\t<\/h2>\n\n\t\t\t\t\t\t\t\t\t<ul class=\"post-meta\"><li class=\"meta-author\"><span class=\"author\"><a class=\"url fn n\" href=\"https:\/\/devotion.es\/?author=1\" title=\"View all posts by devotion\">devotion<\/a><\/span><\/li><li class=\"meta-date\"><a href=\"https:\/\/devotion.es\/?p=3146\" rel=\"bookmark\">20 de marzo de 2026<\/a><\/li><\/ul>\n\t\t\t\t\t\t\t\t\t\n\t\t\t\t\t\t\t\t\t\t\t\t\t\t\t\t\t\t\t<div class=\"view-post-button\">\n\t\t\t\t\t\t\t\t\t\t\t\t<div class=\"wp-block-button\">\n\t\t<a class=\"wp-block-button__link  button-effect\" href=\"https:\/\/devotion.es\/?p=3146\" target=\"\">\n\t\t\t<span>Ver Publicaci\u00f3n<\/span>\n\t\t\t<span><i class=\"cs-icon cs-icon-arrow-right\"><\/i><\/span>\n\t\t<\/a>\n\t<\/div>\n\t\t\t\t\t\t\t\t\t\t\t<\/div>\n\t\t\t\t\t\t\t\t\t\t\n\t\t\t\t\t\t\t\t<\/div>\n\t\t\t\t\t\t\t<\/div>\n\n\t\t\t\t\t\t\t<a href=\"https:\/\/devotion.es\/?p=3146\" class=\"overlay-link\"><\/a>\n\t\t\t\t\t\t<\/div>\n\t\t\t\t\t<\/article>\n\n\t\t\t\t\n\t\t\t\t\t<article class=\" layout-type-primary layout-size-large layout-typography-large post-3110 post type-post status-publish format-standard has-post-thumbnail category-eventos category-news\">\n\n\t\t\t\t\t\t<div class=\"post-outer overlay\">\n\t\t\t\t\t\t\t<div class=\"overlay-media parallax\" >\n\t\t\t\t\t\t\t\t<img loading=\"lazy\" decoding=\"async\" width=\"560\" height=\"430\" src=\"https:\/\/devotion.es\/wp-content\/uploads\/2025\/10\/IMG_3306-560x430.jpg\" class=\"jarallax-img wp-post-image\" alt=\"\" srcset=\"https:\/\/devotion.es\/wp-content\/uploads\/2025\/10\/IMG_3306-560x430.jpg 560w, https:\/\/devotion.es\/wp-content\/uploads\/2025\/10\/IMG_3306-90x68.jpg 90w\" sizes=\"auto, (max-width: 560px) 100vw, 560px\" \/>\t\t\t\t\t\t\t<\/div>\n\n\t\t\t\t\t\t\t<div class=\"overlay-outer post-inner\">\n\t\t\t\t\t\t\t\t<div class=\"overlay-inner\">\n\n\t\t\t\t\t\t\t\t\t<ul class=\"post-meta\"><li class=\"meta-category\"><ul class=\"post-categories\">\n\t<li><a href=\"https:\/\/devotion.es\/?cat=19\" rel=\"category\">Eventos<\/a><\/li>\n\t<li><a href=\"https:\/\/devotion.es\/?cat=9\" rel=\"category\">News<\/a><\/li><\/ul><\/li><\/ul>\n\t\t\t\t\t\t\t\t\t<h2 class=\"entry-title\">\n\t\t\t\t\t\t\t\t\t\t<a href=\"https:\/\/devotion.es\/?p=3110\">Gastronom\u00eda, territorio y memoria: un tributo a Manab\u00ed en el coraz\u00f3n de Madrid<\/a>\n\t\t\t\t\t\t\t\t\t<\/h2>\n\n\t\t\t\t\t\t\t\t\t<ul class=\"post-meta\"><li class=\"meta-author\"><span class=\"author\"><a class=\"url fn n\" href=\"https:\/\/devotion.es\/?author=1\" title=\"View all posts by devotion\">devotion<\/a><\/span><\/li><li class=\"meta-date\"><a href=\"https:\/\/devotion.es\/?p=3110\" rel=\"bookmark\">28 de octubre de 2025<\/a><\/li><\/ul>\n\t\t\t\t\t\t\t\t\t\n\t\t\t\t\t\t\t\t\t\t\t\t\t\t\t\t\t\t\t<div class=\"view-post-button\">\n\t\t\t\t\t\t\t\t\t\t\t\t<div class=\"wp-block-button\">\n\t\t<a class=\"wp-block-button__link  button-effect\" href=\"https:\/\/devotion.es\/?p=3110\" target=\"\">\n\t\t\t<span>Ver Publicaci\u00f3n<\/span>\n\t\t\t<span><i class=\"cs-icon cs-icon-arrow-right\"><\/i><\/span>\n\t\t<\/a>\n\t<\/div>\n\t\t\t\t\t\t\t\t\t\t\t<\/div>\n\t\t\t\t\t\t\t\t\t\t\n\t\t\t\t\t\t\t\t<\/div>\n\t\t\t\t\t\t\t<\/div>\n\n\t\t\t\t\t\t\t<a href=\"https:\/\/devotion.es\/?p=3110\" class=\"overlay-link\"><\/a>\n\t\t\t\t\t\t<\/div>\n\t\t\t\t\t<\/article>\n\n\t\t\t\t\t\t\t<\/div>\n\n\t\t\t\n\t\t<\/div>\n\n\t<\/div>\n\n\t\n\t<\/div>\n<\/div>\n\n\t\t\t<\/div>\n\t\t<\/div>\n\t<\/div>\n\n\t\n\n\t<div class=\"cnvs-block-section cnvs-block-section-1569489666450 cnvs-block-section-layout-full cnvs-block-section-fullwidth\" >\n\t\t<div class=\"cnvs-block-section-outer\" style=\"\">\n\t\t\t<div class=\"cnvs-block-section-inner\">\n\t\t\t\t\n\n<div class=\"cnvs-block-section-content cnvs-block-section-content-1569489669129\" >\n\t<div class=\"cnvs-block-section-content-inner\">\n\t\t\n\n<h5 id=\"trending-posts\" class=\"cnvs-block-section-heading cnvs-block-section-heading-1572531479640 is-style-cnvs-block-section-heading-default haligncenter\" >\n\t<span class=\"cnvs-section-title\">\n\t\t<span>Trending Posts<\/span>\n\t<\/span>\n<\/h5>\n\n\n\t<div class=\"cnvs-block-posts cnvs-block-featured-posts-1569489676117 cnvs-block-posts-layout-carousel\">\n\n\t\t<div class=\"cs-block-carousel\">\n\n\t\t\t<div class=\"slider-container slider-loop\" data-columns=\"5\">\n\t\t\t\t<div class=\"owl-carousel\">\n\t\t\t\t\t\t\t\t\t\t\t<article class=\"layout-size-large post-3146 post type-post status-publish format-standard has-post-thumbnail category-eventos category-lifestyle category-news\">\n\t\t\t\t\t\t\t<div class=\"post-thumbnail\">\n\t\t\t\t\t\t\t\t<img loading=\"lazy\" decoding=\"async\" width=\"320\" height=\"427\" src=\"https:\/\/devotion.es\/wp-content\/uploads\/2026\/04\/casa-decor-2026-fachada-001-320x427.jpg\" class=\"size-carousel wp-post-image\" alt=\"\" srcset=\"https:\/\/devotion.es\/wp-content\/uploads\/2026\/04\/casa-decor-2026-fachada-001-320x427.jpg 320w, https:\/\/devotion.es\/wp-content\/uploads\/2026\/04\/casa-decor-2026-fachada-001-120x160.jpg 120w, https:\/\/devotion.es\/wp-content\/uploads\/2026\/04\/casa-decor-2026-fachada-001-90x120.jpg 90w, https:\/\/devotion.es\/wp-content\/uploads\/2026\/04\/casa-decor-2026-fachada-001-560x747.jpg 560w, https:\/\/devotion.es\/wp-content\/uploads\/2026\/04\/casa-decor-2026-fachada-001-800x1067.jpg 800w, https:\/\/devotion.es\/wp-content\/uploads\/2026\/04\/casa-decor-2026-fachada-001-1160x1547.jpg 1160w, https:\/\/devotion.es\/wp-content\/uploads\/2026\/04\/casa-decor-2026-fachada-001-1920x2560.jpg 1920w\" sizes=\"auto, (max-width: 320px) 100vw, 320px\" \/>\n\t\t\t\t\t\t\t\t\t\t\t\t\t\t\t\t\t<div class=\"post-more\">\n\t\t\t\t\t\t\t\t\t\t<a href=\"https:\/\/devotion.es\/?p=3146\" class=\"button-link\">\n\t\t\t\t\t\t\t\t\t\t\t<span>Ver Publicaci\u00f3n<\/span>\n\t\t\t\t\t\t\t\t\t\t<\/a>\n\t\t\t\t\t\t\t\t\t<\/div>\n\t\t\t\t\t\t\t\t\t\n\t\t\t\t\t\t\t\t\t\t\t\t\t\t\t\t<a href=\"https:\/\/devotion.es\/?p=3146\"><\/a>\n\t\t\t\t\t\t\t<\/div>\n\n\t\t\t\t\t\t\t<div class=\"meta-category\"><ul class=\"post-categories\">\n\t<li><a href=\"https:\/\/devotion.es\/?cat=19\" rel=\"category\">Eventos<\/a><\/li>\n\t<li><a href=\"https:\/\/devotion.es\/?cat=10\" rel=\"category\">Lifestyle<\/a><\/li>\n\t<li><a href=\"https:\/\/devotion.es\/?cat=9\" rel=\"category\">News<\/a><\/li><\/ul><\/div>\n\t\t\t\t\t\t\t<h2 class=\"entry-title\">\n\t\t\t\t\t\t\t\t<a href=\"https:\/\/devotion.es\/?p=3146\">Casa Decor 2026: Una Edici\u00f3n de Oro en el Coraz\u00f3n de las Letras<\/a>\n\t\t\t\t\t\t\t<\/h2>\n\n\t\t\t\t\t\t\t<ul class=\"post-meta\"><li class=\"meta-author\"><span class=\"author\"><a class=\"url fn n\" href=\"https:\/\/devotion.es\/?author=1\" title=\"View all posts by devotion\">devotion<\/a><\/span><\/li><li class=\"meta-date\"><a href=\"https:\/\/devotion.es\/?p=3146\" rel=\"bookmark\">20 de marzo de 2026<\/a><\/li><\/ul>\n\t\t\t\t\t\t\t\n\t\t\t\t\t\t\t\t\t\t\t\t\t<\/article>\n\t\t\t\t\t\t\t\t\t\t\t<article class=\"layout-size-large post-3110 post type-post status-publish format-standard has-post-thumbnail category-eventos category-news\">\n\t\t\t\t\t\t\t<div class=\"post-thumbnail\">\n\t\t\t\t\t\t\t\t<img loading=\"lazy\" decoding=\"async\" width=\"320\" height=\"427\" src=\"https:\/\/devotion.es\/wp-content\/uploads\/2025\/10\/IMG_3306-320x427.jpg\" class=\"size-carousel wp-post-image\" alt=\"\" srcset=\"https:\/\/devotion.es\/wp-content\/uploads\/2025\/10\/IMG_3306-320x427.jpg 320w, https:\/\/devotion.es\/wp-content\/uploads\/2025\/10\/IMG_3306-120x160.jpg 120w, https:\/\/devotion.es\/wp-content\/uploads\/2025\/10\/IMG_3306-90x120.jpg 90w\" sizes=\"auto, (max-width: 320px) 100vw, 320px\" \/>\n\t\t\t\t\t\t\t\t\t\t\t\t\t\t\t\t\t<div class=\"post-more\">\n\t\t\t\t\t\t\t\t\t\t<a href=\"https:\/\/devotion.es\/?p=3110\" class=\"button-link\">\n\t\t\t\t\t\t\t\t\t\t\t<span>Ver Publicaci\u00f3n<\/span>\n\t\t\t\t\t\t\t\t\t\t<\/a>\n\t\t\t\t\t\t\t\t\t<\/div>\n\t\t\t\t\t\t\t\t\t\n\t\t\t\t\t\t\t\t\t\t\t\t\t\t\t\t<a href=\"https:\/\/devotion.es\/?p=3110\"><\/a>\n\t\t\t\t\t\t\t<\/div>\n\n\t\t\t\t\t\t\t<div class=\"meta-category\"><ul class=\"post-categories\">\n\t<li><a href=\"https:\/\/devotion.es\/?cat=19\" rel=\"category\">Eventos<\/a><\/li>\n\t<li><a href=\"https:\/\/devotion.es\/?cat=9\" rel=\"category\">News<\/a><\/li><\/ul><\/div>\n\t\t\t\t\t\t\t<h2 class=\"entry-title\">\n\t\t\t\t\t\t\t\t<a href=\"https:\/\/devotion.es\/?p=3110\">Gastronom\u00eda, territorio y memoria: un tributo a Manab\u00ed en el coraz\u00f3n de Madrid<\/a>\n\t\t\t\t\t\t\t<\/h2>\n\n\t\t\t\t\t\t\t<ul class=\"post-meta\"><li class=\"meta-author\"><span class=\"author\"><a class=\"url fn n\" href=\"https:\/\/devotion.es\/?author=1\" title=\"View all posts by devotion\">devotion<\/a><\/span><\/li><li class=\"meta-date\"><a href=\"https:\/\/devotion.es\/?p=3110\" rel=\"bookmark\">28 de octubre de 2025<\/a><\/li><\/ul>\n\t\t\t\t\t\t\t\n\t\t\t\t\t\t\t\t\t\t\t\t\t<\/article>\n\t\t\t\t\t\t\t\t\t\t\t<article class=\"layout-size-large post-3060 post type-post status-publish format-standard has-post-thumbnail category-eventos category-lifestyle category-news\">\n\t\t\t\t\t\t\t<div class=\"post-thumbnail\">\n\t\t\t\t\t\t\t\t<img loading=\"lazy\" decoding=\"async\" width=\"320\" height=\"427\" src=\"https:\/\/devotion.es\/wp-content\/uploads\/2025\/03\/Captura-de-pantalla-2025-04-02-a-las-19.25.38-320x427.png\" class=\"size-carousel wp-post-image\" alt=\"\" srcset=\"https:\/\/devotion.es\/wp-content\/uploads\/2025\/03\/Captura-de-pantalla-2025-04-02-a-las-19.25.38-320x427.png 320w, https:\/\/devotion.es\/wp-content\/uploads\/2025\/03\/Captura-de-pantalla-2025-04-02-a-las-19.25.38-120x160.png 120w, https:\/\/devotion.es\/wp-content\/uploads\/2025\/03\/Captura-de-pantalla-2025-04-02-a-las-19.25.38-90x120.png 90w, https:\/\/devotion.es\/wp-content\/uploads\/2025\/03\/Captura-de-pantalla-2025-04-02-a-las-19.25.38-560x747.png 560w, https:\/\/devotion.es\/wp-content\/uploads\/2025\/03\/Captura-de-pantalla-2025-04-02-a-las-19.25.38-800x1067.png 800w\" sizes=\"auto, (max-width: 320px) 100vw, 320px\" \/>\n\t\t\t\t\t\t\t\t\t\t\t\t\t\t\t\t\t<div class=\"post-more\">\n\t\t\t\t\t\t\t\t\t\t<a href=\"https:\/\/devotion.es\/?p=3060\" class=\"button-link\">\n\t\t\t\t\t\t\t\t\t\t\t<span>Ver Publicaci\u00f3n<\/span>\n\t\t\t\t\t\t\t\t\t\t<\/a>\n\t\t\t\t\t\t\t\t\t<\/div>\n\t\t\t\t\t\t\t\t\t\n\t\t\t\t\t\t\t\t\t\t\t\t\t\t\t\t<a href=\"https:\/\/devotion.es\/?p=3060\"><\/a>\n\t\t\t\t\t\t\t<\/div>\n\n\t\t\t\t\t\t\t<div class=\"meta-category\"><ul class=\"post-categories\">\n\t<li><a href=\"https:\/\/devotion.es\/?cat=19\" rel=\"category\">Eventos<\/a><\/li>\n\t<li><a href=\"https:\/\/devotion.es\/?cat=10\" rel=\"category\">Lifestyle<\/a><\/li>\n\t<li><a href=\"https:\/\/devotion.es\/?cat=9\" rel=\"category\">News<\/a><\/li><\/ul><\/div>\n\t\t\t\t\t\t\t<h2 class=\"entry-title\">\n\t\t\t\t\t\t\t\t<a href=\"https:\/\/devotion.es\/?p=3060\">Casa Ecuador 2025<\/a>\n\t\t\t\t\t\t\t<\/h2>\n\n\t\t\t\t\t\t\t<ul class=\"post-meta\"><li class=\"meta-author\"><span class=\"author\"><a class=\"url fn n\" href=\"https:\/\/devotion.es\/?author=1\" title=\"View all posts by devotion\">devotion<\/a><\/span><\/li><li class=\"meta-date\"><a href=\"https:\/\/devotion.es\/?p=3060\" rel=\"bookmark\">4 de marzo de 2025<\/a><\/li><\/ul>\n\t\t\t\t\t\t\t\n\t\t\t\t\t\t\t\t\t\t\t\t\t<\/article>\n\t\t\t\t\t\t\t\t\t\t\t<article class=\"layout-size-large post-3027 post type-post status-publish format-standard has-post-thumbnail category-eventos category-fashion category-lifestyle category-news\">\n\t\t\t\t\t\t\t<div class=\"post-thumbnail\">\n\t\t\t\t\t\t\t\t<img loading=\"lazy\" decoding=\"async\" width=\"320\" height=\"427\" src=\"https:\/\/devotion.es\/wp-content\/uploads\/2024\/05\/Radisson-RED-Madrid-Reception-916x516-1-320x427.jpg\" class=\"size-carousel wp-post-image\" alt=\"\" srcset=\"https:\/\/devotion.es\/wp-content\/uploads\/2024\/05\/Radisson-RED-Madrid-Reception-916x516-1-320x427.jpg 320w, https:\/\/devotion.es\/wp-content\/uploads\/2024\/05\/Radisson-RED-Madrid-Reception-916x516-1-120x160.jpg 120w, https:\/\/devotion.es\/wp-content\/uploads\/2024\/05\/Radisson-RED-Madrid-Reception-916x516-1-90x120.jpg 90w\" sizes=\"auto, (max-width: 320px) 100vw, 320px\" \/>\n\t\t\t\t\t\t\t\t\t\t\t\t\t\t\t\t\t<div class=\"post-more\">\n\t\t\t\t\t\t\t\t\t\t<a href=\"https:\/\/devotion.es\/?p=3027\" class=\"button-link\">\n\t\t\t\t\t\t\t\t\t\t\t<span>Ver Publicaci\u00f3n<\/span>\n\t\t\t\t\t\t\t\t\t\t<\/a>\n\t\t\t\t\t\t\t\t\t<\/div>\n\t\t\t\t\t\t\t\t\t\n\t\t\t\t\t\t\t\t\t\t\t\t\t\t\t\t<a href=\"https:\/\/devotion.es\/?p=3027\"><\/a>\n\t\t\t\t\t\t\t<\/div>\n\n\t\t\t\t\t\t\t<div class=\"meta-category\"><ul class=\"post-categories\">\n\t<li><a href=\"https:\/\/devotion.es\/?cat=19\" rel=\"category\">Eventos<\/a><\/li>\n\t<li><a href=\"https:\/\/devotion.es\/?cat=7\" rel=\"category\">Fashion<\/a><\/li>\n\t<li><a href=\"https:\/\/devotion.es\/?cat=10\" rel=\"category\">Lifestyle<\/a><\/li>\n\t<li><a href=\"https:\/\/devotion.es\/?cat=9\" rel=\"category\">News<\/a><\/li><\/ul><\/div>\n\t\t\t\t\t\t\t<h2 class=\"entry-title\">\n\t\t\t\t\t\t\t\t<a href=\"https:\/\/devotion.es\/?p=3027\">\u00a1San REDSIDRO: La fiesta castiza que revolucion\u00f3 Madrid!\u00a0<\/a>\n\t\t\t\t\t\t\t<\/h2>\n\n\t\t\t\t\t\t\t<ul class=\"post-meta\"><li class=\"meta-author\"><span class=\"author\"><a class=\"url fn n\" href=\"https:\/\/devotion.es\/?author=1\" title=\"View all posts by devotion\">devotion<\/a><\/span><\/li><li class=\"meta-date\"><a href=\"https:\/\/devotion.es\/?p=3027\" rel=\"bookmark\">15 de mayo de 2024<\/a><\/li><\/ul>\n\t\t\t\t\t\t\t\n\t\t\t\t\t\t\t\t\t\t\t\t\t<\/article>\n\t\t\t\t\t\t\t\t\t\t\t<article class=\"layout-size-large post-3001 post type-post status-publish format-standard has-post-thumbnail category-eventos category-news\">\n\t\t\t\t\t\t\t<div class=\"post-thumbnail\">\n\t\t\t\t\t\t\t\t<img loading=\"lazy\" decoding=\"async\" width=\"320\" height=\"427\" src=\"https:\/\/devotion.es\/wp-content\/uploads\/2024\/05\/53706281783_afb8340173_k-320x427.jpg\" class=\"size-carousel wp-post-image\" alt=\"\" srcset=\"https:\/\/devotion.es\/wp-content\/uploads\/2024\/05\/53706281783_afb8340173_k-320x427.jpg 320w, https:\/\/devotion.es\/wp-content\/uploads\/2024\/05\/53706281783_afb8340173_k-120x160.jpg 120w, https:\/\/devotion.es\/wp-content\/uploads\/2024\/05\/53706281783_afb8340173_k-90x120.jpg 90w, https:\/\/devotion.es\/wp-content\/uploads\/2024\/05\/53706281783_afb8340173_k-560x747.jpg 560w, https:\/\/devotion.es\/wp-content\/uploads\/2024\/05\/53706281783_afb8340173_k-800x1067.jpg 800w\" sizes=\"auto, (max-width: 320px) 100vw, 320px\" \/>\n\t\t\t\t\t\t\t\t\t\t\t\t\t\t\t\t\t<div class=\"post-more\">\n\t\t\t\t\t\t\t\t\t\t<a href=\"https:\/\/devotion.es\/?p=3001\" class=\"button-link\">\n\t\t\t\t\t\t\t\t\t\t\t<span>Ver Publicaci\u00f3n<\/span>\n\t\t\t\t\t\t\t\t\t\t<\/a>\n\t\t\t\t\t\t\t\t\t<\/div>\n\t\t\t\t\t\t\t\t\t\n\t\t\t\t\t\t\t\t\t\t\t\t\t\t\t\t<a href=\"https:\/\/devotion.es\/?p=3001\"><\/a>\n\t\t\t\t\t\t\t<\/div>\n\n\t\t\t\t\t\t\t<div class=\"meta-category\"><ul class=\"post-categories\">\n\t<li><a href=\"https:\/\/devotion.es\/?cat=19\" rel=\"category\">Eventos<\/a><\/li>\n\t<li><a href=\"https:\/\/devotion.es\/?cat=9\" rel=\"category\">News<\/a><\/li><\/ul><\/div>\n\t\t\t\t\t\t\t<h2 class=\"entry-title\">\n\t\t\t\t\t\t\t\t<a href=\"https:\/\/devotion.es\/?p=3001\">SM El Rey premia la innovaci\u00f3n: J\u00f3venes excepcionales transforman el mundo en el Tour del Talento 2024:<\/a>\n\t\t\t\t\t\t\t<\/h2>\n\n\t\t\t\t\t\t\t<ul class=\"post-meta\"><li class=\"meta-author\"><span class=\"author\"><a class=\"url fn n\" href=\"https:\/\/devotion.es\/?author=1\" title=\"View all posts by devotion\">devotion<\/a><\/span><\/li><li class=\"meta-date\"><a href=\"https:\/\/devotion.es\/?p=3001\" rel=\"bookmark\">7 de mayo de 2024<\/a><\/li><\/ul>\n\t\t\t\t\t\t\t\n\t\t\t\t\t\t\t\t\t\t\t\t\t<\/article>\n\t\t\t\t\t\t\t\t\t\t\t<article class=\"layout-size-large post-2989 post type-post status-publish format-standard has-post-thumbnail category-eventos category-fashion category-lifestyle category-news\">\n\t\t\t\t\t\t\t<div class=\"post-thumbnail\">\n\t\t\t\t\t\t\t\t<img loading=\"lazy\" decoding=\"async\" width=\"320\" height=\"427\" src=\"https:\/\/devotion.es\/wp-content\/uploads\/2024\/04\/AAFF-DisenoGridColabs_pages-to-jpg-0001-1-3-320x427.jpg\" class=\"size-carousel wp-post-image\" alt=\"\" srcset=\"https:\/\/devotion.es\/wp-content\/uploads\/2024\/04\/AAFF-DisenoGridColabs_pages-to-jpg-0001-1-3-320x427.jpg 320w, https:\/\/devotion.es\/wp-content\/uploads\/2024\/04\/AAFF-DisenoGridColabs_pages-to-jpg-0001-1-3-120x160.jpg 120w, https:\/\/devotion.es\/wp-content\/uploads\/2024\/04\/AAFF-DisenoGridColabs_pages-to-jpg-0001-1-3-90x120.jpg 90w, https:\/\/devotion.es\/wp-content\/uploads\/2024\/04\/AAFF-DisenoGridColabs_pages-to-jpg-0001-1-3-560x747.jpg 560w, https:\/\/devotion.es\/wp-content\/uploads\/2024\/04\/AAFF-DisenoGridColabs_pages-to-jpg-0001-1-3-800x1067.jpg 800w, https:\/\/devotion.es\/wp-content\/uploads\/2024\/04\/AAFF-DisenoGridColabs_pages-to-jpg-0001-1-3-1160x1547.jpg 1160w, https:\/\/devotion.es\/wp-content\/uploads\/2024\/04\/AAFF-DisenoGridColabs_pages-to-jpg-0001-1-3-1920x2560.jpg 1920w\" sizes=\"auto, (max-width: 320px) 100vw, 320px\" \/>\n\t\t\t\t\t\t\t\t\t\t\t\t\t\t\t\t\t<div class=\"post-more\">\n\t\t\t\t\t\t\t\t\t\t<a href=\"https:\/\/devotion.es\/?p=2989\" class=\"button-link\">\n\t\t\t\t\t\t\t\t\t\t\t<span>Ver Publicaci\u00f3n<\/span>\n\t\t\t\t\t\t\t\t\t\t<\/a>\n\t\t\t\t\t\t\t\t\t<\/div>\n\t\t\t\t\t\t\t\t\t\n\t\t\t\t\t\t\t\t\t\t\t\t\t\t\t\t<a href=\"https:\/\/devotion.es\/?p=2989\"><\/a>\n\t\t\t\t\t\t\t<\/div>\n\n\t\t\t\t\t\t\t<div class=\"meta-category\"><ul class=\"post-categories\">\n\t<li><a href=\"https:\/\/devotion.es\/?cat=19\" rel=\"category\">Eventos<\/a><\/li>\n\t<li><a href=\"https:\/\/devotion.es\/?cat=7\" rel=\"category\">Fashion<\/a><\/li>\n\t<li><a href=\"https:\/\/devotion.es\/?cat=10\" rel=\"category\">Lifestyle<\/a><\/li>\n\t<li><a href=\"https:\/\/devotion.es\/?cat=9\" rel=\"category\">News<\/a><\/li><\/ul><\/div>\n\t\t\t\t\t\t\t<h2 class=\"entry-title\">\n\t\t\t\t\t\t\t\t<a href=\"https:\/\/devotion.es\/?p=2989\">El Ganso: Primavera\/Verano 2024 &#8211; \u00a1Un fest\u00edn de estilo atemporal y sostenible!<\/a>\n\t\t\t\t\t\t\t<\/h2>\n\n\t\t\t\t\t\t\t<ul class=\"post-meta\"><li class=\"meta-author\"><span class=\"author\"><a class=\"url fn n\" href=\"https:\/\/devotion.es\/?author=1\" title=\"View all posts by devotion\">devotion<\/a><\/span><\/li><li class=\"meta-date\"><a href=\"https:\/\/devotion.es\/?p=2989\" rel=\"bookmark\">27 de abril de 2024<\/a><\/li><\/ul>\n\t\t\t\t\t\t\t\n\t\t\t\t\t\t\t\t\t\t\t\t\t<\/article>\n\t\t\t\t\t\t\t\t\t<\/div>\n\t\t\t\t<div class=\"owl-dots\"><\/div>\n\t\t\t<\/div>\n\n\t\t\t\n\t\t<\/div>\n\n\t<\/div>\n\n\t\n\t<\/div>\n<\/div>\n\n\t\t\t<\/div>\n\t\t<\/div>\n\t<\/div>\n\n\t\n\n\t<div class=\"cnvs-block-section cnvs-block-section-1569489980206 cnvs-block-section-layout-with-sidebar cnvs-block-section-sidebar-sticky-bottom cnvs-block-section-sidebar-position-right\" >\n\t\t<div class=\"cnvs-block-section-outer\" style=\"\">\n\t\t\t<div class=\"cnvs-block-section-inner\">\n\t\t\t\t\n\n<div class=\"cnvs-block-section-content cnvs-block-section-content-1569489982538\" >\n\t<div class=\"cnvs-block-section-content-inner\">\n\t\t\n\n<div class=\"cs-block-archive-posts cnvs-block-featured-posts-1569590805935\" data-layout=\"grid\">\n\n\t<div class=\"post-archive\" data-archive-data=\"\">\n\t\t<div class=\"archive-main archive-grid columns-3\">\n<article class=\"post-grid post-3146 post type-post status-publish format-standard has-post-thumbnail category-eventos category-lifestyle category-news\">\n\n\t<div class=\"post-outer\">\n\n\t\t\n\t\t\t\t\t<div class=\"post-inner\">\n\t\t\t\t<div class=\"post-thumbnail\">\n\t\t\t\t\t\n\t\t\t\t\t<img loading=\"lazy\" decoding=\"async\" width=\"320\" height=\"500\" src=\"https:\/\/devotion.es\/wp-content\/uploads\/2026\/04\/casa-decor-2026-fachada-001-320x500.jpg\" class=\"attachment-csco-320 size-csco-320 wp-post-image\" alt=\"\" srcset=\"https:\/\/devotion.es\/wp-content\/uploads\/2026\/04\/casa-decor-2026-fachada-001-320x500.jpg 320w, https:\/\/devotion.es\/wp-content\/uploads\/2026\/04\/casa-decor-2026-fachada-001-800x1251.jpg 800w, https:\/\/devotion.es\/wp-content\/uploads\/2026\/04\/casa-decor-2026-fachada-001-1160x1813.jpg 1160w, https:\/\/devotion.es\/wp-content\/uploads\/2026\/04\/casa-decor-2026-fachada-001-983x1536.jpg 983w, https:\/\/devotion.es\/wp-content\/uploads\/2026\/04\/casa-decor-2026-fachada-001-1310x2048.jpg 1310w, https:\/\/devotion.es\/wp-content\/uploads\/2026\/04\/casa-decor-2026-fachada-001-120x188.jpg 120w, https:\/\/devotion.es\/wp-content\/uploads\/2026\/04\/casa-decor-2026-fachada-001-90x141.jpg 90w, https:\/\/devotion.es\/wp-content\/uploads\/2026\/04\/casa-decor-2026-fachada-001-560x875.jpg 560w, https:\/\/devotion.es\/wp-content\/uploads\/2026\/04\/casa-decor-2026-fachada-001-1920x3001.jpg 1920w, https:\/\/devotion.es\/wp-content\/uploads\/2026\/04\/casa-decor-2026-fachada-001-scaled.jpg 1638w\" sizes=\"auto, (max-width: 320px) 100vw, 320px\" \/>\n\t\t\t\t\t\t\t\t\t\t\t<div class=\"post-more\">\n\t\t\t\t\t\t\t<a href=\"https:\/\/devotion.es\/?p=3146\" class=\"button-link\">\n\t\t\t\t\t\t\t\t<span>Ver Publicaci\u00f3n<\/span>\n\t\t\t\t\t\t\t<\/a>\n\t\t\t\t\t\t<\/div>\n\t\t\t\t\t\t\n\t\t\t\t\t\n\t\t\t\t\t<a href=\"https:\/\/devotion.es\/?p=3146\"><\/a>\n\t\t\t\t<\/div>\n\t\t\t<\/div>\n\t\t\n\t\t<div class=\"post-inner\">\n\n\t\t\t\n\t\t\t<header class=\"entry-header\">\n\t\t\t\t<div class=\"meta-category\"><ul class=\"post-categories\">\n\t<li><a href=\"https:\/\/devotion.es\/?cat=19\" rel=\"category\">Eventos<\/a><\/li>\n\t<li><a href=\"https:\/\/devotion.es\/?cat=10\" rel=\"category\">Lifestyle<\/a><\/li>\n\t<li><a href=\"https:\/\/devotion.es\/?cat=9\" rel=\"category\">News<\/a><\/li><\/ul><\/div>\n\t\t\t\t<h2 class=\"entry-title\"><a href=\"https:\/\/devotion.es\/?p=3146\">Casa Decor 2026: Una Edici\u00f3n de Oro en el Coraz\u00f3n de las Letras<\/a><\/h2>\n\n\t\t\t\t<ul class=\"post-meta\"><li class=\"meta-author\"><span class=\"author\"><a class=\"url fn n\" href=\"https:\/\/devotion.es\/?author=1\" title=\"View all posts by devotion\">devotion<\/a><\/span><\/li><li class=\"meta-date\"><a href=\"https:\/\/devotion.es\/?p=3146\" rel=\"bookmark\">20 de marzo de 2026<\/a><\/li><\/ul>\t\t\t<\/header>\n\n\t\t\t\n\t\t\t\t\t\t\t\t\t\t<div class=\"post-excerpt\">\n\t\t\t\t\t\t\t\tMadrid se prepara para recibir la edici\u00f3n m\u00e1s literaria y art\u00edstica de Casa Decor. Del 9 de abril al 24 de mayo de 2026, el hist\u00f3rico Barrio de las Letras abrir\u00e1 las puertas de una de sus&hellip;\t\t\t\t\t\t\t<\/div>\n\t\t\t\t\t\t\t\t\t\t\t\t\t<div class=\"post-more\">\n\t\t\t\t\t\t\t\t<div class=\"wp-block-button\">\n\t\t<a class=\"wp-block-button__link  button-effect\" href=\"https:\/\/devotion.es\/?p=3146\" target=\"\">\n\t\t\t<span>Ver Publicaci\u00f3n<\/span>\n\t\t\t<span><i class=\"cs-icon cs-icon-arrow-right\"><\/i><\/span>\n\t\t<\/a>\n\t<\/div>\n\t\t\t\t\t\t\t<\/div>\n\t\t\t\t\t\t\t\t\t\t<div class=\"post-share\">\n\t\t\t\t\t<span class=\"title-share\">Compartir <i class=\"cs-icon cs-icon-arrow-right\"><\/i><\/span>\n\n\t\t\t\t\t\t\t<div class=\"pk-share-buttons-wrap pk-share-buttons-layout-simple pk-share-buttons-scheme-simple-light pk-share-buttons-block-posts pk-share-buttons-mode-cached\" data-post-id=\"3146\" data-share-url=\"https:\/\/devotion.es\/?p=3146\" >\n\n\t\t\t\n\t\t\t<div class=\"pk-share-buttons-items\">\n\n\t\t\t\t\t\t\t\t\t\t<div class=\"pk-share-buttons-item pk-share-buttons-facebook pk-share-buttons-no-count\" data-id=\"facebook\">\n\n\t\t\t\t\t\t\t<a href=\"https:\/\/www.facebook.com\/sharer.php?u=https:\/\/devotion.es\/?p=3146\" class=\"pk-share-buttons-link\" target=\"_blank\">\n\n\t\t\t\t\t\t\t\t\t\t\t\t\t\t\t\t\t<i class=\"pk-share-buttons-icon pk-icon pk-icon-facebook\"><\/i>\n\t\t\t\t\t\t\t\t\n\t\t\t\t\t\t\t\t\n\t\t\t\t\t\t\t\t\n\t\t\t\t\t\t\t\t\t\t\t\t\t\t\t<\/a>\n\n\t\t\t\t\t\t\t\n\t\t\t\t\t\t\t\n\t\t\t\t\t\t\t\t\t\t\t\t\t<\/div>\n\t\t\t\t\t\t\t\t\t\t\t<div class=\"pk-share-buttons-item pk-share-buttons-twitter pk-share-buttons-no-count\" data-id=\"twitter\">\n\n\t\t\t\t\t\t\t<a href=\"https:\/\/twitter.com\/share?&#038;text=Casa%20Decor%202026%3A%20Una%20Edici%C3%B3n%20de%20Oro%20en%20el%20Coraz%C3%B3n%20de%20las%20Letras&#038;url=https:\/\/devotion.es\/?p=3146\" class=\"pk-share-buttons-link\" target=\"_blank\">\n\n\t\t\t\t\t\t\t\t\t\t\t\t\t\t\t\t\t<i class=\"pk-share-buttons-icon pk-icon pk-icon-twitter\"><\/i>\n\t\t\t\t\t\t\t\t\n\t\t\t\t\t\t\t\t\n\t\t\t\t\t\t\t\t\n\t\t\t\t\t\t\t\t\t\t\t\t\t\t\t<\/a>\n\n\t\t\t\t\t\t\t\n\t\t\t\t\t\t\t\n\t\t\t\t\t\t\t\t\t\t\t\t\t<\/div>\n\t\t\t\t\t\t\t\t\t\t\t<div class=\"pk-share-buttons-item pk-share-buttons-pinterest pk-share-buttons-no-count\" data-id=\"pinterest\">\n\n\t\t\t\t\t\t\t<a href=\"https:\/\/pinterest.com\/pin\/create\/bookmarklet\/?url=https:\/\/devotion.es\/?p=3146&#038;media=https:\/\/devotion.es\/wp-content\/uploads\/2026\/04\/casa-decor-2026-fachada-001-1160x1813.jpg\" class=\"pk-share-buttons-link\" target=\"_blank\">\n\n\t\t\t\t\t\t\t\t\t\t\t\t\t\t\t\t\t<i class=\"pk-share-buttons-icon pk-icon pk-icon-pinterest\"><\/i>\n\t\t\t\t\t\t\t\t\n\t\t\t\t\t\t\t\t\n\t\t\t\t\t\t\t\t\n\t\t\t\t\t\t\t\t\t\t\t\t\t\t\t<\/a>\n\n\t\t\t\t\t\t\t\n\t\t\t\t\t\t\t\n\t\t\t\t\t\t\t\t\t\t\t\t\t<\/div>\n\t\t\t\t\t\t\t\t<\/div>\n\t\t<\/div>\n\t\t\t\t\t<\/div>\n\t\t\t\n\t\t<\/div>\n\n\t\t\n\t<\/div>\n\n<\/article>\n\n<article class=\"post-grid post-3110 post type-post status-publish format-standard has-post-thumbnail category-eventos category-news\">\n\n\t<div class=\"post-outer\">\n\n\t\t\n\t\t\t\t\t<div class=\"post-inner\">\n\t\t\t\t<div class=\"post-thumbnail\">\n\t\t\t\t\t\n\t\t\t\t\t<img loading=\"lazy\" decoding=\"async\" width=\"320\" height=\"172\" src=\"https:\/\/devotion.es\/wp-content\/uploads\/2025\/10\/IMG_3306-320x172.jpg\" class=\"attachment-csco-320 size-csco-320 wp-post-image\" alt=\"\" srcset=\"https:\/\/devotion.es\/wp-content\/uploads\/2025\/10\/IMG_3306-320x172.jpg 320w, https:\/\/devotion.es\/wp-content\/uploads\/2025\/10\/IMG_3306-120x65.jpg 120w, https:\/\/devotion.es\/wp-content\/uploads\/2025\/10\/IMG_3306-90x48.jpg 90w, https:\/\/devotion.es\/wp-content\/uploads\/2025\/10\/IMG_3306-560x301.jpg 560w, https:\/\/devotion.es\/wp-content\/uploads\/2025\/10\/IMG_3306.jpg 800w\" sizes=\"auto, (max-width: 320px) 100vw, 320px\" \/>\n\t\t\t\t\t\t\t\t\t\t\t<div class=\"post-more\">\n\t\t\t\t\t\t\t<a href=\"https:\/\/devotion.es\/?p=3110\" class=\"button-link\">\n\t\t\t\t\t\t\t\t<span>Ver Publicaci\u00f3n<\/span>\n\t\t\t\t\t\t\t<\/a>\n\t\t\t\t\t\t<\/div>\n\t\t\t\t\t\t\n\t\t\t\t\t\n\t\t\t\t\t<a href=\"https:\/\/devotion.es\/?p=3110\"><\/a>\n\t\t\t\t<\/div>\n\t\t\t<\/div>\n\t\t\n\t\t<div class=\"post-inner\">\n\n\t\t\t\n\t\t\t<header class=\"entry-header\">\n\t\t\t\t<div class=\"meta-category\"><ul class=\"post-categories\">\n\t<li><a href=\"https:\/\/devotion.es\/?cat=19\" rel=\"category\">Eventos<\/a><\/li>\n\t<li><a href=\"https:\/\/devotion.es\/?cat=9\" rel=\"category\">News<\/a><\/li><\/ul><\/div>\n\t\t\t\t<h2 class=\"entry-title\"><a href=\"https:\/\/devotion.es\/?p=3110\">Gastronom\u00eda, territorio y memoria: un tributo a Manab\u00ed en el coraz\u00f3n de Madrid<\/a><\/h2>\n\n\t\t\t\t<ul class=\"post-meta\"><li class=\"meta-author\"><span class=\"author\"><a class=\"url fn n\" href=\"https:\/\/devotion.es\/?author=1\" title=\"View all posts by devotion\">devotion<\/a><\/span><\/li><li class=\"meta-date\"><a href=\"https:\/\/devotion.es\/?p=3110\" rel=\"bookmark\">28 de octubre de 2025<\/a><\/li><\/ul>\t\t\t<\/header>\n\n\t\t\t\n\t\t\t\t\t\t\t\t\t\t<div class=\"post-excerpt\">\n\t\t\t\t\t\t\t\tEl pr\u00f3ximo 6 de noviembre, el laboratorio creativo Guru Lab, del reconocido bartender Diego Cabrera, y el restaurante ecuatoriano Ayawaskha, liderado por el chef Miguel M\u00e9ndez, unir\u00e1n sus&hellip;\t\t\t\t\t\t\t<\/div>\n\t\t\t\t\t\t\t\t\t\t\t\t\t<div class=\"post-more\">\n\t\t\t\t\t\t\t\t<div class=\"wp-block-button\">\n\t\t<a class=\"wp-block-button__link  button-effect\" href=\"https:\/\/devotion.es\/?p=3110\" target=\"\">\n\t\t\t<span>Ver Publicaci\u00f3n<\/span>\n\t\t\t<span><i class=\"cs-icon cs-icon-arrow-right\"><\/i><\/span>\n\t\t<\/a>\n\t<\/div>\n\t\t\t\t\t\t\t<\/div>\n\t\t\t\t\t\t\t\t\t\t<div class=\"post-share\">\n\t\t\t\t\t<span class=\"title-share\">Compartir <i class=\"cs-icon cs-icon-arrow-right\"><\/i><\/span>\n\n\t\t\t\t\t\t\t<div class=\"pk-share-buttons-wrap pk-share-buttons-layout-simple pk-share-buttons-scheme-simple-light pk-share-buttons-block-posts pk-share-buttons-mode-cached\" data-post-id=\"3110\" data-share-url=\"https:\/\/devotion.es\/?p=3110\" >\n\n\t\t\t\n\t\t\t<div class=\"pk-share-buttons-items\">\n\n\t\t\t\t\t\t\t\t\t\t<div class=\"pk-share-buttons-item pk-share-buttons-facebook pk-share-buttons-no-count\" data-id=\"facebook\">\n\n\t\t\t\t\t\t\t<a href=\"https:\/\/www.facebook.com\/sharer.php?u=https:\/\/devotion.es\/?p=3110\" class=\"pk-share-buttons-link\" target=\"_blank\">\n\n\t\t\t\t\t\t\t\t\t\t\t\t\t\t\t\t\t<i class=\"pk-share-buttons-icon pk-icon pk-icon-facebook\"><\/i>\n\t\t\t\t\t\t\t\t\n\t\t\t\t\t\t\t\t\n\t\t\t\t\t\t\t\t\n\t\t\t\t\t\t\t\t\t\t\t\t\t\t\t<\/a>\n\n\t\t\t\t\t\t\t\n\t\t\t\t\t\t\t\n\t\t\t\t\t\t\t\t\t\t\t\t\t<\/div>\n\t\t\t\t\t\t\t\t\t\t\t<div class=\"pk-share-buttons-item pk-share-buttons-twitter pk-share-buttons-no-count\" data-id=\"twitter\">\n\n\t\t\t\t\t\t\t<a href=\"https:\/\/twitter.com\/share?&#038;text=Gastronom%C3%ADa%2C%20territorio%20y%20memoria%3A%20un%20tributo%20a%20Manab%C3%AD%20en%20el%20coraz%C3%B3n%20de%20Madrid&#038;url=https:\/\/devotion.es\/?p=3110\" class=\"pk-share-buttons-link\" target=\"_blank\">\n\n\t\t\t\t\t\t\t\t\t\t\t\t\t\t\t\t\t<i class=\"pk-share-buttons-icon pk-icon pk-icon-twitter\"><\/i>\n\t\t\t\t\t\t\t\t\n\t\t\t\t\t\t\t\t\n\t\t\t\t\t\t\t\t\n\t\t\t\t\t\t\t\t\t\t\t\t\t\t\t<\/a>\n\n\t\t\t\t\t\t\t\n\t\t\t\t\t\t\t\n\t\t\t\t\t\t\t\t\t\t\t\t\t<\/div>\n\t\t\t\t\t\t\t\t\t\t\t<div class=\"pk-share-buttons-item pk-share-buttons-pinterest pk-share-buttons-no-count\" data-id=\"pinterest\">\n\n\t\t\t\t\t\t\t<a href=\"https:\/\/pinterest.com\/pin\/create\/bookmarklet\/?url=https:\/\/devotion.es\/?p=3110&#038;media=https:\/\/devotion.es\/wp-content\/uploads\/2025\/10\/IMG_3306.jpg\" class=\"pk-share-buttons-link\" target=\"_blank\">\n\n\t\t\t\t\t\t\t\t\t\t\t\t\t\t\t\t\t<i class=\"pk-share-buttons-icon pk-icon pk-icon-pinterest\"><\/i>\n\t\t\t\t\t\t\t\t\n\t\t\t\t\t\t\t\t\n\t\t\t\t\t\t\t\t\n\t\t\t\t\t\t\t\t\t\t\t\t\t\t\t<\/a>\n\n\t\t\t\t\t\t\t\n\t\t\t\t\t\t\t\n\t\t\t\t\t\t\t\t\t\t\t\t\t<\/div>\n\t\t\t\t\t\t\t\t<\/div>\n\t\t<\/div>\n\t\t\t\t\t<\/div>\n\t\t\t\n\t\t<\/div>\n\n\t\t\n\t<\/div>\n\n<\/article>\n\n<article class=\"post-grid post-3060 post type-post status-publish format-standard has-post-thumbnail category-eventos category-lifestyle category-news\">\n\n\t<div class=\"post-outer\">\n\n\t\t\n\t\t\t\t\t<div class=\"post-inner\">\n\t\t\t\t<div class=\"post-thumbnail\">\n\t\t\t\t\t\n\t\t\t\t\t<img loading=\"lazy\" decoding=\"async\" width=\"320\" height=\"322\" src=\"https:\/\/devotion.es\/wp-content\/uploads\/2025\/03\/Captura-de-pantalla-2025-04-02-a-las-19.25.38-320x322.png\" class=\"attachment-csco-320 size-csco-320 wp-post-image\" alt=\"\" srcset=\"https:\/\/devotion.es\/wp-content\/uploads\/2025\/03\/Captura-de-pantalla-2025-04-02-a-las-19.25.38-320x322.png 320w, https:\/\/devotion.es\/wp-content\/uploads\/2025\/03\/Captura-de-pantalla-2025-04-02-a-las-19.25.38-800x806.png 800w, https:\/\/devotion.es\/wp-content\/uploads\/2025\/03\/Captura-de-pantalla-2025-04-02-a-las-19.25.38-80x80.png 80w, https:\/\/devotion.es\/wp-content\/uploads\/2025\/03\/Captura-de-pantalla-2025-04-02-a-las-19.25.38-120x120.png 120w, https:\/\/devotion.es\/wp-content\/uploads\/2025\/03\/Captura-de-pantalla-2025-04-02-a-las-19.25.38-90x90.png 90w, https:\/\/devotion.es\/wp-content\/uploads\/2025\/03\/Captura-de-pantalla-2025-04-02-a-las-19.25.38-560x564.png 560w, https:\/\/devotion.es\/wp-content\/uploads\/2025\/03\/Captura-de-pantalla-2025-04-02-a-las-19.25.38.png 1140w\" sizes=\"auto, (max-width: 320px) 100vw, 320px\" \/>\n\t\t\t\t\t\t\t\t\t\t\t<div class=\"post-more\">\n\t\t\t\t\t\t\t<a href=\"https:\/\/devotion.es\/?p=3060\" class=\"button-link\">\n\t\t\t\t\t\t\t\t<span>Ver Publicaci\u00f3n<\/span>\n\t\t\t\t\t\t\t<\/a>\n\t\t\t\t\t\t<\/div>\n\t\t\t\t\t\t\n\t\t\t\t\t\n\t\t\t\t\t<a href=\"https:\/\/devotion.es\/?p=3060\"><\/a>\n\t\t\t\t<\/div>\n\t\t\t<\/div>\n\t\t\n\t\t<div class=\"post-inner\">\n\n\t\t\t\n\t\t\t<header class=\"entry-header\">\n\t\t\t\t<div class=\"meta-category\"><ul class=\"post-categories\">\n\t<li><a href=\"https:\/\/devotion.es\/?cat=19\" rel=\"category\">Eventos<\/a><\/li>\n\t<li><a href=\"https:\/\/devotion.es\/?cat=10\" rel=\"category\">Lifestyle<\/a><\/li>\n\t<li><a href=\"https:\/\/devotion.es\/?cat=9\" rel=\"category\">News<\/a><\/li><\/ul><\/div>\n\t\t\t\t<h2 class=\"entry-title\"><a href=\"https:\/\/devotion.es\/?p=3060\">Casa Ecuador 2025<\/a><\/h2>\n\n\t\t\t\t<ul class=\"post-meta\"><li class=\"meta-author\"><span class=\"author\"><a class=\"url fn n\" href=\"https:\/\/devotion.es\/?author=1\" title=\"View all posts by devotion\">devotion<\/a><\/span><\/li><li class=\"meta-date\"><a href=\"https:\/\/devotion.es\/?p=3060\" rel=\"bookmark\">4 de marzo de 2025<\/a><\/li><\/ul>\t\t\t<\/header>\n\n\t\t\t\n\t\t\t\t\t\t\t\t\t\t<div class=\"post-excerpt\">\n\t\t\t\t\t\t\t\tEl evento se celebr\u00f3 del 4 al 9 de marzo en el exclusivo Palacete de Serrano 95, con muestras de arte, gastronom\u00eda y productos premium del Ecuador. La&nbsp;Fundaci\u00f3n Identidad Nacional (FIN),&hellip;\t\t\t\t\t\t\t<\/div>\n\t\t\t\t\t\t\t\t\t\t\t\t\t<div class=\"post-more\">\n\t\t\t\t\t\t\t\t<div class=\"wp-block-button\">\n\t\t<a class=\"wp-block-button__link  button-effect\" href=\"https:\/\/devotion.es\/?p=3060\" target=\"\">\n\t\t\t<span>Ver Publicaci\u00f3n<\/span>\n\t\t\t<span><i class=\"cs-icon cs-icon-arrow-right\"><\/i><\/span>\n\t\t<\/a>\n\t<\/div>\n\t\t\t\t\t\t\t<\/div>\n\t\t\t\t\t\t\t\t\t\t<div class=\"post-share\">\n\t\t\t\t\t<span class=\"title-share\">Compartir <i class=\"cs-icon cs-icon-arrow-right\"><\/i><\/span>\n\n\t\t\t\t\t\t\t<div class=\"pk-share-buttons-wrap pk-share-buttons-layout-simple pk-share-buttons-scheme-simple-light pk-share-buttons-block-posts pk-share-buttons-mode-cached\" data-post-id=\"3060\" data-share-url=\"https:\/\/devotion.es\/?p=3060\" >\n\n\t\t\t\n\t\t\t<div class=\"pk-share-buttons-items\">\n\n\t\t\t\t\t\t\t\t\t\t<div class=\"pk-share-buttons-item pk-share-buttons-facebook pk-share-buttons-no-count\" data-id=\"facebook\">\n\n\t\t\t\t\t\t\t<a href=\"https:\/\/www.facebook.com\/sharer.php?u=https:\/\/devotion.es\/?p=3060\" class=\"pk-share-buttons-link\" target=\"_blank\">\n\n\t\t\t\t\t\t\t\t\t\t\t\t\t\t\t\t\t<i class=\"pk-share-buttons-icon pk-icon pk-icon-facebook\"><\/i>\n\t\t\t\t\t\t\t\t\n\t\t\t\t\t\t\t\t\n\t\t\t\t\t\t\t\t\n\t\t\t\t\t\t\t\t\t\t\t\t\t\t\t<\/a>\n\n\t\t\t\t\t\t\t\n\t\t\t\t\t\t\t\n\t\t\t\t\t\t\t\t\t\t\t\t\t<\/div>\n\t\t\t\t\t\t\t\t\t\t\t<div class=\"pk-share-buttons-item pk-share-buttons-twitter pk-share-buttons-no-count\" data-id=\"twitter\">\n\n\t\t\t\t\t\t\t<a href=\"https:\/\/twitter.com\/share?&#038;text=Casa%20Ecuador%202025&#038;url=https:\/\/devotion.es\/?p=3060\" class=\"pk-share-buttons-link\" target=\"_blank\">\n\n\t\t\t\t\t\t\t\t\t\t\t\t\t\t\t\t\t<i class=\"pk-share-buttons-icon pk-icon pk-icon-twitter\"><\/i>\n\t\t\t\t\t\t\t\t\n\t\t\t\t\t\t\t\t\n\t\t\t\t\t\t\t\t\n\t\t\t\t\t\t\t\t\t\t\t\t\t\t\t<\/a>\n\n\t\t\t\t\t\t\t\n\t\t\t\t\t\t\t\n\t\t\t\t\t\t\t\t\t\t\t\t\t<\/div>\n\t\t\t\t\t\t\t\t\t\t\t<div class=\"pk-share-buttons-item pk-share-buttons-pinterest pk-share-buttons-no-count\" data-id=\"pinterest\">\n\n\t\t\t\t\t\t\t<a href=\"https:\/\/pinterest.com\/pin\/create\/bookmarklet\/?url=https:\/\/devotion.es\/?p=3060&#038;media=https:\/\/devotion.es\/wp-content\/uploads\/2025\/03\/Captura-de-pantalla-2025-04-02-a-las-19.25.38.png\" class=\"pk-share-buttons-link\" target=\"_blank\">\n\n\t\t\t\t\t\t\t\t\t\t\t\t\t\t\t\t\t<i class=\"pk-share-buttons-icon pk-icon pk-icon-pinterest\"><\/i>\n\t\t\t\t\t\t\t\t\n\t\t\t\t\t\t\t\t\n\t\t\t\t\t\t\t\t\n\t\t\t\t\t\t\t\t\t\t\t\t\t\t\t<\/a>\n\n\t\t\t\t\t\t\t\n\t\t\t\t\t\t\t\n\t\t\t\t\t\t\t\t\t\t\t\t\t<\/div>\n\t\t\t\t\t\t\t\t<\/div>\n\t\t<\/div>\n\t\t\t\t\t<\/div>\n\t\t\t\n\t\t<\/div>\n\n\t\t\n\t<\/div>\n\n<\/article>\n\n<article class=\"post-grid post-3027 post type-post status-publish format-standard has-post-thumbnail category-eventos category-fashion category-lifestyle category-news\">\n\n\t<div class=\"post-outer\">\n\n\t\t\n\t\t\t\t\t<div class=\"post-inner\">\n\t\t\t\t<div class=\"post-thumbnail\">\n\t\t\t\t\t\n\t\t\t\t\t<img loading=\"lazy\" decoding=\"async\" width=\"320\" height=\"180\" src=\"https:\/\/devotion.es\/wp-content\/uploads\/2024\/05\/Radisson-RED-Madrid-Reception-916x516-1-320x180.jpg\" class=\"attachment-csco-320 size-csco-320 wp-post-image\" alt=\"\" srcset=\"https:\/\/devotion.es\/wp-content\/uploads\/2024\/05\/Radisson-RED-Madrid-Reception-916x516-1-320x180.jpg 320w, https:\/\/devotion.es\/wp-content\/uploads\/2024\/05\/Radisson-RED-Madrid-Reception-916x516-1-800x451.jpg 800w, https:\/\/devotion.es\/wp-content\/uploads\/2024\/05\/Radisson-RED-Madrid-Reception-916x516-1-120x68.jpg 120w, https:\/\/devotion.es\/wp-content\/uploads\/2024\/05\/Radisson-RED-Madrid-Reception-916x516-1-90x51.jpg 90w, https:\/\/devotion.es\/wp-content\/uploads\/2024\/05\/Radisson-RED-Madrid-Reception-916x516-1-560x315.jpg 560w, https:\/\/devotion.es\/wp-content\/uploads\/2024\/05\/Radisson-RED-Madrid-Reception-916x516-1.jpg 916w\" sizes=\"auto, (max-width: 320px) 100vw, 320px\" \/>\n\t\t\t\t\t\t\t\t\t\t\t<div class=\"post-more\">\n\t\t\t\t\t\t\t<a href=\"https:\/\/devotion.es\/?p=3027\" class=\"button-link\">\n\t\t\t\t\t\t\t\t<span>Ver Publicaci\u00f3n<\/span>\n\t\t\t\t\t\t\t<\/a>\n\t\t\t\t\t\t<\/div>\n\t\t\t\t\t\t\n\t\t\t\t\t\n\t\t\t\t\t<a href=\"https:\/\/devotion.es\/?p=3027\"><\/a>\n\t\t\t\t<\/div>\n\t\t\t<\/div>\n\t\t\n\t\t<div class=\"post-inner\">\n\n\t\t\t\n\t\t\t<header class=\"entry-header\">\n\t\t\t\t<div class=\"meta-category\"><ul class=\"post-categories\">\n\t<li><a href=\"https:\/\/devotion.es\/?cat=19\" rel=\"category\">Eventos<\/a><\/li>\n\t<li><a href=\"https:\/\/devotion.es\/?cat=7\" rel=\"category\">Fashion<\/a><\/li>\n\t<li><a href=\"https:\/\/devotion.es\/?cat=10\" rel=\"category\">Lifestyle<\/a><\/li>\n\t<li><a href=\"https:\/\/devotion.es\/?cat=9\" rel=\"category\">News<\/a><\/li><\/ul><\/div>\n\t\t\t\t<h2 class=\"entry-title\"><a href=\"https:\/\/devotion.es\/?p=3027\">\u00a1San REDSIDRO: La fiesta castiza que revolucion\u00f3 Madrid!\u00a0<\/a><\/h2>\n\n\t\t\t\t<ul class=\"post-meta\"><li class=\"meta-author\"><span class=\"author\"><a class=\"url fn n\" href=\"https:\/\/devotion.es\/?author=1\" title=\"View all posts by devotion\">devotion<\/a><\/span><\/li><li class=\"meta-date\"><a href=\"https:\/\/devotion.es\/?p=3027\" rel=\"bookmark\">15 de mayo de 2024<\/a><\/li><\/ul>\t\t\t<\/header>\n\n\t\t\t\n\t\t\t\t\t\t\t\t\t\t<div class=\"post-excerpt\">\n\t\t\t\t\t\t\t\t\u00a1Te contamos todo lo que pas\u00f3 el pasado 14 de mayo, el Radisson RED Madrid se convirti\u00f3 en el epicentro de la diversi\u00f3n con San REDSIDRO, una verbena castiza con un toque moderno que conquist\u00f3&hellip;\t\t\t\t\t\t\t<\/div>\n\t\t\t\t\t\t\t\t\t\t\t\t\t<div class=\"post-more\">\n\t\t\t\t\t\t\t\t<div class=\"wp-block-button\">\n\t\t<a class=\"wp-block-button__link  button-effect\" href=\"https:\/\/devotion.es\/?p=3027\" target=\"\">\n\t\t\t<span>Ver Publicaci\u00f3n<\/span>\n\t\t\t<span><i class=\"cs-icon cs-icon-arrow-right\"><\/i><\/span>\n\t\t<\/a>\n\t<\/div>\n\t\t\t\t\t\t\t<\/div>\n\t\t\t\t\t\t\t\t\t\t<div class=\"post-share\">\n\t\t\t\t\t<span class=\"title-share\">Compartir <i class=\"cs-icon cs-icon-arrow-right\"><\/i><\/span>\n\n\t\t\t\t\t\t\t<div class=\"pk-share-buttons-wrap pk-share-buttons-layout-simple pk-share-buttons-scheme-simple-light pk-share-buttons-block-posts pk-share-buttons-mode-cached\" data-post-id=\"3027\" data-share-url=\"https:\/\/devotion.es\/?p=3027\" >\n\n\t\t\t\n\t\t\t<div class=\"pk-share-buttons-items\">\n\n\t\t\t\t\t\t\t\t\t\t<div class=\"pk-share-buttons-item pk-share-buttons-facebook pk-share-buttons-no-count\" data-id=\"facebook\">\n\n\t\t\t\t\t\t\t<a href=\"https:\/\/www.facebook.com\/sharer.php?u=https:\/\/devotion.es\/?p=3027\" class=\"pk-share-buttons-link\" target=\"_blank\">\n\n\t\t\t\t\t\t\t\t\t\t\t\t\t\t\t\t\t<i class=\"pk-share-buttons-icon pk-icon pk-icon-facebook\"><\/i>\n\t\t\t\t\t\t\t\t\n\t\t\t\t\t\t\t\t\n\t\t\t\t\t\t\t\t\n\t\t\t\t\t\t\t\t\t\t\t\t\t\t\t<\/a>\n\n\t\t\t\t\t\t\t\n\t\t\t\t\t\t\t\n\t\t\t\t\t\t\t\t\t\t\t\t\t<\/div>\n\t\t\t\t\t\t\t\t\t\t\t<div class=\"pk-share-buttons-item pk-share-buttons-twitter pk-share-buttons-no-count\" data-id=\"twitter\">\n\n\t\t\t\t\t\t\t<a href=\"https:\/\/twitter.com\/share?&#038;text=%C2%A1San%20REDSIDRO%3A%20La%20fiesta%20castiza%20que%20revolucion%C3%B3%20Madrid%21%C2%A0&#038;url=https:\/\/devotion.es\/?p=3027\" class=\"pk-share-buttons-link\" target=\"_blank\">\n\n\t\t\t\t\t\t\t\t\t\t\t\t\t\t\t\t\t<i class=\"pk-share-buttons-icon pk-icon pk-icon-twitter\"><\/i>\n\t\t\t\t\t\t\t\t\n\t\t\t\t\t\t\t\t\n\t\t\t\t\t\t\t\t\n\t\t\t\t\t\t\t\t\t\t\t\t\t\t\t<\/a>\n\n\t\t\t\t\t\t\t\n\t\t\t\t\t\t\t\n\t\t\t\t\t\t\t\t\t\t\t\t\t<\/div>\n\t\t\t\t\t\t\t\t\t\t\t<div class=\"pk-share-buttons-item pk-share-buttons-pinterest pk-share-buttons-no-count\" data-id=\"pinterest\">\n\n\t\t\t\t\t\t\t<a href=\"https:\/\/pinterest.com\/pin\/create\/bookmarklet\/?url=https:\/\/devotion.es\/?p=3027&#038;media=https:\/\/devotion.es\/wp-content\/uploads\/2024\/05\/Radisson-RED-Madrid-Reception-916x516-1.jpg\" class=\"pk-share-buttons-link\" target=\"_blank\">\n\n\t\t\t\t\t\t\t\t\t\t\t\t\t\t\t\t\t<i class=\"pk-share-buttons-icon pk-icon pk-icon-pinterest\"><\/i>\n\t\t\t\t\t\t\t\t\n\t\t\t\t\t\t\t\t\n\t\t\t\t\t\t\t\t\n\t\t\t\t\t\t\t\t\t\t\t\t\t\t\t<\/a>\n\n\t\t\t\t\t\t\t\n\t\t\t\t\t\t\t\n\t\t\t\t\t\t\t\t\t\t\t\t\t<\/div>\n\t\t\t\t\t\t\t\t<\/div>\n\t\t<\/div>\n\t\t\t\t\t<\/div>\n\t\t\t\n\t\t<\/div>\n\n\t\t\n\t<\/div>\n\n<\/article>\n\n<article class=\"post-grid post-3001 post type-post status-publish format-standard has-post-thumbnail category-eventos category-news\">\n\n\t<div class=\"post-outer\">\n\n\t\t\n\t\t\t\t\t<div class=\"post-inner\">\n\t\t\t\t<div class=\"post-thumbnail\">\n\t\t\t\t\t\n\t\t\t\t\t<img loading=\"lazy\" decoding=\"async\" width=\"320\" height=\"213\" src=\"https:\/\/devotion.es\/wp-content\/uploads\/2024\/05\/53706281783_afb8340173_k-320x213.jpg\" class=\"attachment-csco-320 size-csco-320 wp-post-image\" alt=\"\" srcset=\"https:\/\/devotion.es\/wp-content\/uploads\/2024\/05\/53706281783_afb8340173_k-320x213.jpg 320w, https:\/\/devotion.es\/wp-content\/uploads\/2024\/05\/53706281783_afb8340173_k-800x532.jpg 800w, https:\/\/devotion.es\/wp-content\/uploads\/2024\/05\/53706281783_afb8340173_k-1160x772.jpg 1160w, https:\/\/devotion.es\/wp-content\/uploads\/2024\/05\/53706281783_afb8340173_k-1536x1022.jpg 1536w, https:\/\/devotion.es\/wp-content\/uploads\/2024\/05\/53706281783_afb8340173_k-120x80.jpg 120w, https:\/\/devotion.es\/wp-content\/uploads\/2024\/05\/53706281783_afb8340173_k-90x60.jpg 90w, https:\/\/devotion.es\/wp-content\/uploads\/2024\/05\/53706281783_afb8340173_k-560x373.jpg 560w, https:\/\/devotion.es\/wp-content\/uploads\/2024\/05\/53706281783_afb8340173_k-1920x1277.jpg 1920w, https:\/\/devotion.es\/wp-content\/uploads\/2024\/05\/53706281783_afb8340173_k.jpg 2047w\" sizes=\"auto, (max-width: 320px) 100vw, 320px\" \/>\n\t\t\t\t\t\t\t\t\t\t\t<div class=\"post-more\">\n\t\t\t\t\t\t\t<a href=\"https:\/\/devotion.es\/?p=3001\" class=\"button-link\">\n\t\t\t\t\t\t\t\t<span>Ver Publicaci\u00f3n<\/span>\n\t\t\t\t\t\t\t<\/a>\n\t\t\t\t\t\t<\/div>\n\t\t\t\t\t\t\n\t\t\t\t\t\n\t\t\t\t\t<a href=\"https:\/\/devotion.es\/?p=3001\"><\/a>\n\t\t\t\t<\/div>\n\t\t\t<\/div>\n\t\t\n\t\t<div class=\"post-inner\">\n\n\t\t\t\n\t\t\t<header class=\"entry-header\">\n\t\t\t\t<div class=\"meta-category\"><ul class=\"post-categories\">\n\t<li><a href=\"https:\/\/devotion.es\/?cat=19\" rel=\"category\">Eventos<\/a><\/li>\n\t<li><a href=\"https:\/\/devotion.es\/?cat=9\" rel=\"category\">News<\/a><\/li><\/ul><\/div>\n\t\t\t\t<h2 class=\"entry-title\"><a href=\"https:\/\/devotion.es\/?p=3001\">SM El Rey premia la innovaci\u00f3n: J\u00f3venes excepcionales transforman el mundo en el Tour del Talento 2024:<\/a><\/h2>\n\n\t\t\t\t<ul class=\"post-meta\"><li class=\"meta-author\"><span class=\"author\"><a class=\"url fn n\" href=\"https:\/\/devotion.es\/?author=1\" title=\"View all posts by devotion\">devotion<\/a><\/span><\/li><li class=\"meta-date\"><a href=\"https:\/\/devotion.es\/?p=3001\" rel=\"bookmark\">7 de mayo de 2024<\/a><\/li><\/ul>\t\t\t<\/header>\n\n\t\t\t\n\t\t\t\t\t\t\t\t\t\t<div class=\"post-excerpt\">\n\t\t\t\t\t\t\t\tMadrid, 7 de mayo de 2024 &#8211; En un acto vibrante y lleno de emoci\u00f3n, el Rey Felipe VI ha presidido hoy en Madrid la quinta parada del Tour del Talento 2024, un evento itinerante que busca&hellip;\t\t\t\t\t\t\t<\/div>\n\t\t\t\t\t\t\t\t\t\t\t\t\t<div class=\"post-more\">\n\t\t\t\t\t\t\t\t<div class=\"wp-block-button\">\n\t\t<a class=\"wp-block-button__link  button-effect\" href=\"https:\/\/devotion.es\/?p=3001\" target=\"\">\n\t\t\t<span>Ver Publicaci\u00f3n<\/span>\n\t\t\t<span><i class=\"cs-icon cs-icon-arrow-right\"><\/i><\/span>\n\t\t<\/a>\n\t<\/div>\n\t\t\t\t\t\t\t<\/div>\n\t\t\t\t\t\t\t\t\t\t<div class=\"post-share\">\n\t\t\t\t\t<span class=\"title-share\">Compartir <i class=\"cs-icon cs-icon-arrow-right\"><\/i><\/span>\n\n\t\t\t\t\t\t\t<div class=\"pk-share-buttons-wrap pk-share-buttons-layout-simple pk-share-buttons-scheme-simple-light pk-share-buttons-block-posts pk-share-buttons-mode-cached\" data-post-id=\"3001\" data-share-url=\"https:\/\/devotion.es\/?p=3001\" >\n\n\t\t\t\n\t\t\t<div class=\"pk-share-buttons-items\">\n\n\t\t\t\t\t\t\t\t\t\t<div class=\"pk-share-buttons-item pk-share-buttons-facebook pk-share-buttons-no-count\" data-id=\"facebook\">\n\n\t\t\t\t\t\t\t<a href=\"https:\/\/www.facebook.com\/sharer.php?u=https:\/\/devotion.es\/?p=3001\" class=\"pk-share-buttons-link\" target=\"_blank\">\n\n\t\t\t\t\t\t\t\t\t\t\t\t\t\t\t\t\t<i class=\"pk-share-buttons-icon pk-icon pk-icon-facebook\"><\/i>\n\t\t\t\t\t\t\t\t\n\t\t\t\t\t\t\t\t\n\t\t\t\t\t\t\t\t\n\t\t\t\t\t\t\t\t\t\t\t\t\t\t\t<\/a>\n\n\t\t\t\t\t\t\t\n\t\t\t\t\t\t\t\n\t\t\t\t\t\t\t\t\t\t\t\t\t<\/div>\n\t\t\t\t\t\t\t\t\t\t\t<div class=\"pk-share-buttons-item pk-share-buttons-twitter pk-share-buttons-no-count\" data-id=\"twitter\">\n\n\t\t\t\t\t\t\t<a href=\"https:\/\/twitter.com\/share?&#038;text=SM%20El%20Rey%20premia%20la%20innovaci%C3%B3n%3A%20J%C3%B3venes%20excepcionales%20transforman%20el%20mundo%20en%20el%20Tour%20del%20Talento%202024%3A&#038;url=https:\/\/devotion.es\/?p=3001\" class=\"pk-share-buttons-link\" target=\"_blank\">\n\n\t\t\t\t\t\t\t\t\t\t\t\t\t\t\t\t\t<i class=\"pk-share-buttons-icon pk-icon pk-icon-twitter\"><\/i>\n\t\t\t\t\t\t\t\t\n\t\t\t\t\t\t\t\t\n\t\t\t\t\t\t\t\t\n\t\t\t\t\t\t\t\t\t\t\t\t\t\t\t<\/a>\n\n\t\t\t\t\t\t\t\n\t\t\t\t\t\t\t\n\t\t\t\t\t\t\t\t\t\t\t\t\t<\/div>\n\t\t\t\t\t\t\t\t\t\t\t<div class=\"pk-share-buttons-item pk-share-buttons-pinterest pk-share-buttons-no-count\" data-id=\"pinterest\">\n\n\t\t\t\t\t\t\t<a href=\"https:\/\/pinterest.com\/pin\/create\/bookmarklet\/?url=https:\/\/devotion.es\/?p=3001&#038;media=https:\/\/devotion.es\/wp-content\/uploads\/2024\/05\/53706281783_afb8340173_k-1160x772.jpg\" class=\"pk-share-buttons-link\" target=\"_blank\">\n\n\t\t\t\t\t\t\t\t\t\t\t\t\t\t\t\t\t<i class=\"pk-share-buttons-icon pk-icon pk-icon-pinterest\"><\/i>\n\t\t\t\t\t\t\t\t\n\t\t\t\t\t\t\t\t\n\t\t\t\t\t\t\t\t\n\t\t\t\t\t\t\t\t\t\t\t\t\t\t\t<\/a>\n\n\t\t\t\t\t\t\t\n\t\t\t\t\t\t\t\n\t\t\t\t\t\t\t\t\t\t\t\t\t<\/div>\n\t\t\t\t\t\t\t\t<\/div>\n\t\t<\/div>\n\t\t\t\t\t<\/div>\n\t\t\t\n\t\t<\/div>\n\n\t\t\n\t<\/div>\n\n<\/article>\n\n<article class=\"post-grid post-2989 post type-post status-publish format-standard has-post-thumbnail category-eventos category-fashion category-lifestyle category-news\">\n\n\t<div class=\"post-outer\">\n\n\t\t\n\t\t\t\t\t<div class=\"post-inner\">\n\t\t\t\t<div class=\"post-thumbnail\">\n\t\t\t\t\t\n\t\t\t\t\t<img loading=\"lazy\" decoding=\"async\" width=\"320\" height=\"320\" src=\"https:\/\/devotion.es\/wp-content\/uploads\/2024\/04\/AAFF-DisenoGridColabs_pages-to-jpg-0001-1-3-320x320.jpg\" class=\"attachment-csco-320 size-csco-320 wp-post-image\" alt=\"\" srcset=\"https:\/\/devotion.es\/wp-content\/uploads\/2024\/04\/AAFF-DisenoGridColabs_pages-to-jpg-0001-1-3-320x320.jpg 320w, https:\/\/devotion.es\/wp-content\/uploads\/2024\/04\/AAFF-DisenoGridColabs_pages-to-jpg-0001-1-3-800x800.jpg 800w, https:\/\/devotion.es\/wp-content\/uploads\/2024\/04\/AAFF-DisenoGridColabs_pages-to-jpg-0001-1-3-1160x1160.jpg 1160w, https:\/\/devotion.es\/wp-content\/uploads\/2024\/04\/AAFF-DisenoGridColabs_pages-to-jpg-0001-1-3-1536x1536.jpg 1536w, https:\/\/devotion.es\/wp-content\/uploads\/2024\/04\/AAFF-DisenoGridColabs_pages-to-jpg-0001-1-3-2048x2048.jpg 2048w, https:\/\/devotion.es\/wp-content\/uploads\/2024\/04\/AAFF-DisenoGridColabs_pages-to-jpg-0001-1-3-80x80.jpg 80w, https:\/\/devotion.es\/wp-content\/uploads\/2024\/04\/AAFF-DisenoGridColabs_pages-to-jpg-0001-1-3-120x120.jpg 120w, https:\/\/devotion.es\/wp-content\/uploads\/2024\/04\/AAFF-DisenoGridColabs_pages-to-jpg-0001-1-3-90x90.jpg 90w, https:\/\/devotion.es\/wp-content\/uploads\/2024\/04\/AAFF-DisenoGridColabs_pages-to-jpg-0001-1-3-560x560.jpg 560w, https:\/\/devotion.es\/wp-content\/uploads\/2024\/04\/AAFF-DisenoGridColabs_pages-to-jpg-0001-1-3-1920x1920.jpg 1920w, https:\/\/devotion.es\/wp-content\/uploads\/2024\/04\/AAFF-DisenoGridColabs_pages-to-jpg-0001-1-3-scaled.jpg 2560w\" sizes=\"auto, (max-width: 320px) 100vw, 320px\" \/>\n\t\t\t\t\t\t\t\t\t\t\t<div class=\"post-more\">\n\t\t\t\t\t\t\t<a href=\"https:\/\/devotion.es\/?p=2989\" class=\"button-link\">\n\t\t\t\t\t\t\t\t<span>Ver Publicaci\u00f3n<\/span>\n\t\t\t\t\t\t\t<\/a>\n\t\t\t\t\t\t<\/div>\n\t\t\t\t\t\t\n\t\t\t\t\t\n\t\t\t\t\t<a href=\"https:\/\/devotion.es\/?p=2989\"><\/a>\n\t\t\t\t<\/div>\n\t\t\t<\/div>\n\t\t\n\t\t<div class=\"post-inner\">\n\n\t\t\t\n\t\t\t<header class=\"entry-header\">\n\t\t\t\t<div class=\"meta-category\"><ul class=\"post-categories\">\n\t<li><a href=\"https:\/\/devotion.es\/?cat=19\" rel=\"category\">Eventos<\/a><\/li>\n\t<li><a href=\"https:\/\/devotion.es\/?cat=7\" rel=\"category\">Fashion<\/a><\/li>\n\t<li><a href=\"https:\/\/devotion.es\/?cat=10\" rel=\"category\">Lifestyle<\/a><\/li>\n\t<li><a href=\"https:\/\/devotion.es\/?cat=9\" rel=\"category\">News<\/a><\/li><\/ul><\/div>\n\t\t\t\t<h2 class=\"entry-title\"><a href=\"https:\/\/devotion.es\/?p=2989\">El Ganso: Primavera\/Verano 2024 &#8211; \u00a1Un fest\u00edn de estilo atemporal y sostenible!<\/a><\/h2>\n\n\t\t\t\t<ul class=\"post-meta\"><li class=\"meta-author\"><span class=\"author\"><a class=\"url fn n\" href=\"https:\/\/devotion.es\/?author=1\" title=\"View all posts by devotion\">devotion<\/a><\/span><\/li><li class=\"meta-date\"><a href=\"https:\/\/devotion.es\/?p=2989\" rel=\"bookmark\">27 de abril de 2024<\/a><\/li><\/ul>\t\t\t<\/header>\n\n\t\t\t\n\t\t\t\t\t\t\t\t\t\t<div class=\"post-excerpt\">\n\t\t\t\t\t\t\t\tEl Ganso nos vuelve a sorprender con su colecci\u00f3n Primavera\/Verano 2024, con frescura, elegancia y compromiso con el planeta. Tejidos como el lino, colores lavados y vibrantes en toallas y&hellip;\t\t\t\t\t\t\t<\/div>\n\t\t\t\t\t\t\t\t\t\t\t\t\t<div class=\"post-more\">\n\t\t\t\t\t\t\t\t<div class=\"wp-block-button\">\n\t\t<a class=\"wp-block-button__link  button-effect\" href=\"https:\/\/devotion.es\/?p=2989\" target=\"\">\n\t\t\t<span>Ver Publicaci\u00f3n<\/span>\n\t\t\t<span><i class=\"cs-icon cs-icon-arrow-right\"><\/i><\/span>\n\t\t<\/a>\n\t<\/div>\n\t\t\t\t\t\t\t<\/div>\n\t\t\t\t\t\t\t\t\t\t<div class=\"post-share\">\n\t\t\t\t\t<span class=\"title-share\">Compartir <i class=\"cs-icon cs-icon-arrow-right\"><\/i><\/span>\n\n\t\t\t\t\t\t\t<div class=\"pk-share-buttons-wrap pk-share-buttons-layout-simple pk-share-buttons-scheme-simple-light pk-share-buttons-block-posts pk-share-buttons-mode-cached\" data-post-id=\"2989\" data-share-url=\"https:\/\/devotion.es\/?p=2989\" >\n\n\t\t\t\n\t\t\t<div class=\"pk-share-buttons-items\">\n\n\t\t\t\t\t\t\t\t\t\t<div class=\"pk-share-buttons-item pk-share-buttons-facebook pk-share-buttons-no-count\" data-id=\"facebook\">\n\n\t\t\t\t\t\t\t<a href=\"https:\/\/www.facebook.com\/sharer.php?u=https:\/\/devotion.es\/?p=2989\" class=\"pk-share-buttons-link\" target=\"_blank\">\n\n\t\t\t\t\t\t\t\t\t\t\t\t\t\t\t\t\t<i class=\"pk-share-buttons-icon pk-icon pk-icon-facebook\"><\/i>\n\t\t\t\t\t\t\t\t\n\t\t\t\t\t\t\t\t\n\t\t\t\t\t\t\t\t\n\t\t\t\t\t\t\t\t\t\t\t\t\t\t\t<\/a>\n\n\t\t\t\t\t\t\t\n\t\t\t\t\t\t\t\n\t\t\t\t\t\t\t\t\t\t\t\t\t<\/div>\n\t\t\t\t\t\t\t\t\t\t\t<div class=\"pk-share-buttons-item pk-share-buttons-twitter pk-share-buttons-no-count\" data-id=\"twitter\">\n\n\t\t\t\t\t\t\t<a href=\"https:\/\/twitter.com\/share?&#038;text=El%20Ganso%3A%20Primavera%2FVerano%202024%20%E2%80%93%20%C2%A1Un%20fest%C3%ADn%20de%20estilo%20atemporal%20y%20sostenible%21&#038;url=https:\/\/devotion.es\/?p=2989\" class=\"pk-share-buttons-link\" target=\"_blank\">\n\n\t\t\t\t\t\t\t\t\t\t\t\t\t\t\t\t\t<i class=\"pk-share-buttons-icon pk-icon pk-icon-twitter\"><\/i>\n\t\t\t\t\t\t\t\t\n\t\t\t\t\t\t\t\t\n\t\t\t\t\t\t\t\t\n\t\t\t\t\t\t\t\t\t\t\t\t\t\t\t<\/a>\n\n\t\t\t\t\t\t\t\n\t\t\t\t\t\t\t\n\t\t\t\t\t\t\t\t\t\t\t\t\t<\/div>\n\t\t\t\t\t\t\t\t\t\t\t<div class=\"pk-share-buttons-item pk-share-buttons-pinterest pk-share-buttons-no-count\" data-id=\"pinterest\">\n\n\t\t\t\t\t\t\t<a href=\"https:\/\/pinterest.com\/pin\/create\/bookmarklet\/?url=https:\/\/devotion.es\/?p=2989&#038;media=https:\/\/devotion.es\/wp-content\/uploads\/2024\/04\/AAFF-DisenoGridColabs_pages-to-jpg-0001-1-3-1160x1160.jpg\" class=\"pk-share-buttons-link\" target=\"_blank\">\n\n\t\t\t\t\t\t\t\t\t\t\t\t\t\t\t\t\t<i class=\"pk-share-buttons-icon pk-icon pk-icon-pinterest\"><\/i>\n\t\t\t\t\t\t\t\t\n\t\t\t\t\t\t\t\t\n\t\t\t\t\t\t\t\t\n\t\t\t\t\t\t\t\t\t\t\t\t\t\t\t<\/a>\n\n\t\t\t\t\t\t\t\n\t\t\t\t\t\t\t\n\t\t\t\t\t\t\t\t\t\t\t\t\t<\/div>\n\t\t\t\t\t\t\t\t<\/div>\n\t\t<\/div>\n\t\t\t\t\t<\/div>\n\t\t\t\n\t\t<\/div>\n\n\t\t\n\t<\/div>\n\n<\/article>\n\n<article class=\"post-grid post-2979 post type-post status-publish format-standard has-post-thumbnail category-news tag-music\">\n\n\t<div class=\"post-outer\">\n\n\t\t\n\t\t\t\t\t<div class=\"post-inner\">\n\t\t\t\t<div class=\"post-thumbnail\">\n\t\t\t\t\t\n\t\t\t\t\t<img loading=\"lazy\" decoding=\"async\" width=\"320\" height=\"180\" src=\"https:\/\/devotion.es\/wp-content\/uploads\/2024\/04\/maxresdefault-320x180.jpg\" class=\"attachment-csco-320 size-csco-320 wp-post-image\" alt=\"\" srcset=\"https:\/\/devotion.es\/wp-content\/uploads\/2024\/04\/maxresdefault-320x180.jpg 320w, https:\/\/devotion.es\/wp-content\/uploads\/2024\/04\/maxresdefault-800x450.jpg 800w, https:\/\/devotion.es\/wp-content\/uploads\/2024\/04\/maxresdefault-1160x653.jpg 1160w, https:\/\/devotion.es\/wp-content\/uploads\/2024\/04\/maxresdefault-120x68.jpg 120w, https:\/\/devotion.es\/wp-content\/uploads\/2024\/04\/maxresdefault-90x51.jpg 90w, https:\/\/devotion.es\/wp-content\/uploads\/2024\/04\/maxresdefault-560x315.jpg 560w, https:\/\/devotion.es\/wp-content\/uploads\/2024\/04\/maxresdefault.jpg 1280w\" sizes=\"auto, (max-width: 320px) 100vw, 320px\" \/>\n\t\t\t\t\t\t\t\t\t\t\t<div class=\"post-more\">\n\t\t\t\t\t\t\t<a href=\"https:\/\/devotion.es\/?p=2979\" class=\"button-link\">\n\t\t\t\t\t\t\t\t<span>Ver Publicaci\u00f3n<\/span>\n\t\t\t\t\t\t\t<\/a>\n\t\t\t\t\t\t<\/div>\n\t\t\t\t\t\t\n\t\t\t\t\t\n\t\t\t\t\t<a href=\"https:\/\/devotion.es\/?p=2979\"><\/a>\n\t\t\t\t<\/div>\n\t\t\t<\/div>\n\t\t\n\t\t<div class=\"post-inner\">\n\n\t\t\t\n\t\t\t<header class=\"entry-header\">\n\t\t\t\t<div class=\"meta-category\"><ul class=\"post-categories\">\n\t<li><a href=\"https:\/\/devotion.es\/?cat=9\" rel=\"category\">News<\/a><\/li><\/ul><\/div>\n\t\t\t\t<h2 class=\"entry-title\"><a href=\"https:\/\/devotion.es\/?p=2979\">Golpe Musical: Omar Montes y Saiko se unen en &#8220;Yo lo So\u00f1\u00e9&#8221; para homenajear a Topuria<\/a><\/h2>\n\n\t\t\t\t<ul class=\"post-meta\"><li class=\"meta-author\"><span class=\"author\"><a class=\"url fn n\" href=\"https:\/\/devotion.es\/?author=1\" title=\"View all posts by devotion\">devotion<\/a><\/span><\/li><li class=\"meta-date\"><a href=\"https:\/\/devotion.es\/?p=2979\" rel=\"bookmark\">17 de abril de 2024<\/a><\/li><\/ul>\t\t\t<\/header>\n\n\t\t\t\n\t\t\t\t\t\t\t\t\t\t<div class=\"post-excerpt\">\n\t\t\t\t\t\t\t\t\u00bfTe imaginas a un campe\u00f3n como Topuria inspirando una canci\u00f3n tan \u00e9pica que fusiona el mundo de las MMA con la m\u00fasica? Eso es justamente lo que est\u00e1 pasando con &quot;Yo lo So\u00f1\u00e9&quot;, la nueva&hellip;\t\t\t\t\t\t\t<\/div>\n\t\t\t\t\t\t\t\t\t\t\t\t\t<div class=\"post-more\">\n\t\t\t\t\t\t\t\t<div class=\"wp-block-button\">\n\t\t<a class=\"wp-block-button__link  button-effect\" href=\"https:\/\/devotion.es\/?p=2979\" target=\"\">\n\t\t\t<span>Ver Publicaci\u00f3n<\/span>\n\t\t\t<span><i class=\"cs-icon cs-icon-arrow-right\"><\/i><\/span>\n\t\t<\/a>\n\t<\/div>\n\t\t\t\t\t\t\t<\/div>\n\t\t\t\t\t\t\t\t\t\t<div class=\"post-share\">\n\t\t\t\t\t<span class=\"title-share\">Compartir <i class=\"cs-icon cs-icon-arrow-right\"><\/i><\/span>\n\n\t\t\t\t\t\t\t<div class=\"pk-share-buttons-wrap pk-share-buttons-layout-simple pk-share-buttons-scheme-simple-light pk-share-buttons-block-posts pk-share-buttons-mode-cached\" data-post-id=\"2979\" data-share-url=\"https:\/\/devotion.es\/?p=2979\" >\n\n\t\t\t\n\t\t\t<div class=\"pk-share-buttons-items\">\n\n\t\t\t\t\t\t\t\t\t\t<div class=\"pk-share-buttons-item pk-share-buttons-facebook pk-share-buttons-no-count\" data-id=\"facebook\">\n\n\t\t\t\t\t\t\t<a href=\"https:\/\/www.facebook.com\/sharer.php?u=https:\/\/devotion.es\/?p=2979\" class=\"pk-share-buttons-link\" target=\"_blank\">\n\n\t\t\t\t\t\t\t\t\t\t\t\t\t\t\t\t\t<i class=\"pk-share-buttons-icon pk-icon pk-icon-facebook\"><\/i>\n\t\t\t\t\t\t\t\t\n\t\t\t\t\t\t\t\t\n\t\t\t\t\t\t\t\t\n\t\t\t\t\t\t\t\t\t\t\t\t\t\t\t<\/a>\n\n\t\t\t\t\t\t\t\n\t\t\t\t\t\t\t\n\t\t\t\t\t\t\t\t\t\t\t\t\t<\/div>\n\t\t\t\t\t\t\t\t\t\t\t<div class=\"pk-share-buttons-item pk-share-buttons-twitter pk-share-buttons-no-count\" data-id=\"twitter\">\n\n\t\t\t\t\t\t\t<a href=\"https:\/\/twitter.com\/share?&#038;text=Golpe%20Musical%3A%20Omar%20Montes%20y%20Saiko%20se%20unen%20en%20%E2%80%9CYo%20lo%20So%C3%B1%C3%A9%E2%80%9D%20para%20homenajear%20a%20Topuria&#038;url=https:\/\/devotion.es\/?p=2979\" class=\"pk-share-buttons-link\" target=\"_blank\">\n\n\t\t\t\t\t\t\t\t\t\t\t\t\t\t\t\t\t<i class=\"pk-share-buttons-icon pk-icon pk-icon-twitter\"><\/i>\n\t\t\t\t\t\t\t\t\n\t\t\t\t\t\t\t\t\n\t\t\t\t\t\t\t\t\n\t\t\t\t\t\t\t\t\t\t\t\t\t\t\t<\/a>\n\n\t\t\t\t\t\t\t\n\t\t\t\t\t\t\t\n\t\t\t\t\t\t\t\t\t\t\t\t\t<\/div>\n\t\t\t\t\t\t\t\t\t\t\t<div class=\"pk-share-buttons-item pk-share-buttons-pinterest pk-share-buttons-no-count\" data-id=\"pinterest\">\n\n\t\t\t\t\t\t\t<a href=\"https:\/\/pinterest.com\/pin\/create\/bookmarklet\/?url=https:\/\/devotion.es\/?p=2979&#038;media=https:\/\/devotion.es\/wp-content\/uploads\/2024\/04\/maxresdefault-1160x653.jpg\" class=\"pk-share-buttons-link\" target=\"_blank\">\n\n\t\t\t\t\t\t\t\t\t\t\t\t\t\t\t\t\t<i class=\"pk-share-buttons-icon pk-icon pk-icon-pinterest\"><\/i>\n\t\t\t\t\t\t\t\t\n\t\t\t\t\t\t\t\t\n\t\t\t\t\t\t\t\t\n\t\t\t\t\t\t\t\t\t\t\t\t\t\t\t<\/a>\n\n\t\t\t\t\t\t\t\n\t\t\t\t\t\t\t\n\t\t\t\t\t\t\t\t\t\t\t\t\t<\/div>\n\t\t\t\t\t\t\t\t<\/div>\n\t\t<\/div>\n\t\t\t\t\t<\/div>\n\t\t\t\n\t\t<\/div>\n\n\t\t\n\t<\/div>\n\n<\/article>\n\n<article class=\"post-grid post-3086 post type-post status-publish format-standard has-post-thumbnail category-eventos category-lifestyle category-news\">\n\n\t<div class=\"post-outer\">\n\n\t\t\n\t\t\t\t\t<div class=\"post-inner\">\n\t\t\t\t<div class=\"post-thumbnail\">\n\t\t\t\t\t\n\t\t\t\t\t<img loading=\"lazy\" decoding=\"async\" width=\"320\" height=\"382\" src=\"https:\/\/devotion.es\/wp-content\/uploads\/2024\/04\/casa-decor-2024-palacio-de-la-trinidad-012-1-320x382.jpg\" class=\"attachment-csco-320 size-csco-320 wp-post-image\" alt=\"\" srcset=\"https:\/\/devotion.es\/wp-content\/uploads\/2024\/04\/casa-decor-2024-palacio-de-la-trinidad-012-1-320x382.jpg 320w, https:\/\/devotion.es\/wp-content\/uploads\/2024\/04\/casa-decor-2024-palacio-de-la-trinidad-012-1-800x955.jpg 800w, https:\/\/devotion.es\/wp-content\/uploads\/2024\/04\/casa-decor-2024-palacio-de-la-trinidad-012-1-120x143.jpg 120w, https:\/\/devotion.es\/wp-content\/uploads\/2024\/04\/casa-decor-2024-palacio-de-la-trinidad-012-1-90x107.jpg 90w, https:\/\/devotion.es\/wp-content\/uploads\/2024\/04\/casa-decor-2024-palacio-de-la-trinidad-012-1-560x668.jpg 560w, https:\/\/devotion.es\/wp-content\/uploads\/2024\/04\/casa-decor-2024-palacio-de-la-trinidad-012-1.jpg 1075w\" sizes=\"auto, (max-width: 320px) 100vw, 320px\" \/>\n\t\t\t\t\t\t\t\t\t\t\t<div class=\"post-more\">\n\t\t\t\t\t\t\t<a href=\"https:\/\/devotion.es\/?p=3086\" class=\"button-link\">\n\t\t\t\t\t\t\t\t<span>Ver Publicaci\u00f3n<\/span>\n\t\t\t\t\t\t\t<\/a>\n\t\t\t\t\t\t<\/div>\n\t\t\t\t\t\t\n\t\t\t\t\t\n\t\t\t\t\t<a href=\"https:\/\/devotion.es\/?p=3086\"><\/a>\n\t\t\t\t<\/div>\n\t\t\t<\/div>\n\t\t\n\t\t<div class=\"post-inner\">\n\n\t\t\t\n\t\t\t<header class=\"entry-header\">\n\t\t\t\t<div class=\"meta-category\"><ul class=\"post-categories\">\n\t<li><a href=\"https:\/\/devotion.es\/?cat=19\" rel=\"category\">Eventos<\/a><\/li>\n\t<li><a href=\"https:\/\/devotion.es\/?cat=10\" rel=\"category\">Lifestyle<\/a><\/li>\n\t<li><a href=\"https:\/\/devotion.es\/?cat=9\" rel=\"category\">News<\/a><\/li><\/ul><\/div>\n\t\t\t\t<h2 class=\"entry-title\"><a href=\"https:\/\/devotion.es\/?p=3086\">Casa Decor 2024: Un \u00e9xito rotundo en el Palacio de la Trinidad<\/a><\/h2>\n\n\t\t\t\t<ul class=\"post-meta\"><li class=\"meta-author\"><span class=\"author\"><a class=\"url fn n\" href=\"https:\/\/devotion.es\/?author=1\" title=\"View all posts by devotion\">devotion<\/a><\/span><\/li><li class=\"meta-date\"><a href=\"https:\/\/devotion.es\/?p=3086\" rel=\"bookmark\">11 de abril de 2024<\/a><\/li><\/ul>\t\t\t<\/header>\n\n\t\t\t\n\t\t\t\t\t\t\t\t\t\t<div class=\"post-excerpt\">\n\t\t\t\t\t\t\t\tMadrid ha vibrado con una nueva edici\u00f3n de Casa Decor, el evento de referencia en el mundo del interiorismo, el dise\u00f1o, las tendencias y el estilo de vida. En su 59\u00aa edici\u00f3n, Casa Decor 2024&hellip;\t\t\t\t\t\t\t<\/div>\n\t\t\t\t\t\t\t\t\t\t\t\t\t<div class=\"post-more\">\n\t\t\t\t\t\t\t\t<div class=\"wp-block-button\">\n\t\t<a class=\"wp-block-button__link  button-effect\" href=\"https:\/\/devotion.es\/?p=3086\" target=\"\">\n\t\t\t<span>Ver Publicaci\u00f3n<\/span>\n\t\t\t<span><i class=\"cs-icon cs-icon-arrow-right\"><\/i><\/span>\n\t\t<\/a>\n\t<\/div>\n\t\t\t\t\t\t\t<\/div>\n\t\t\t\t\t\t\t\t\t\t<div class=\"post-share\">\n\t\t\t\t\t<span class=\"title-share\">Compartir <i class=\"cs-icon cs-icon-arrow-right\"><\/i><\/span>\n\n\t\t\t\t\t\t\t<div class=\"pk-share-buttons-wrap pk-share-buttons-layout-simple pk-share-buttons-scheme-simple-light pk-share-buttons-block-posts pk-share-buttons-mode-cached\" data-post-id=\"3086\" data-share-url=\"https:\/\/devotion.es\/?p=3086\" >\n\n\t\t\t\n\t\t\t<div class=\"pk-share-buttons-items\">\n\n\t\t\t\t\t\t\t\t\t\t<div class=\"pk-share-buttons-item pk-share-buttons-facebook pk-share-buttons-no-count\" data-id=\"facebook\">\n\n\t\t\t\t\t\t\t<a href=\"https:\/\/www.facebook.com\/sharer.php?u=https:\/\/devotion.es\/?p=3086\" class=\"pk-share-buttons-link\" target=\"_blank\">\n\n\t\t\t\t\t\t\t\t\t\t\t\t\t\t\t\t\t<i class=\"pk-share-buttons-icon pk-icon pk-icon-facebook\"><\/i>\n\t\t\t\t\t\t\t\t\n\t\t\t\t\t\t\t\t\n\t\t\t\t\t\t\t\t\n\t\t\t\t\t\t\t\t\t\t\t\t\t\t\t<\/a>\n\n\t\t\t\t\t\t\t\n\t\t\t\t\t\t\t\n\t\t\t\t\t\t\t\t\t\t\t\t\t<\/div>\n\t\t\t\t\t\t\t\t\t\t\t<div class=\"pk-share-buttons-item pk-share-buttons-twitter pk-share-buttons-no-count\" data-id=\"twitter\">\n\n\t\t\t\t\t\t\t<a href=\"https:\/\/twitter.com\/share?&#038;text=Casa%20Decor%202024%3A%20Un%20%C3%A9xito%20rotundo%20en%20el%20Palacio%20de%20la%20Trinidad&#038;url=https:\/\/devotion.es\/?p=3086\" class=\"pk-share-buttons-link\" target=\"_blank\">\n\n\t\t\t\t\t\t\t\t\t\t\t\t\t\t\t\t\t<i class=\"pk-share-buttons-icon pk-icon pk-icon-twitter\"><\/i>\n\t\t\t\t\t\t\t\t\n\t\t\t\t\t\t\t\t\n\t\t\t\t\t\t\t\t\n\t\t\t\t\t\t\t\t\t\t\t\t\t\t\t<\/a>\n\n\t\t\t\t\t\t\t\n\t\t\t\t\t\t\t\n\t\t\t\t\t\t\t\t\t\t\t\t\t<\/div>\n\t\t\t\t\t\t\t\t\t\t\t<div class=\"pk-share-buttons-item pk-share-buttons-pinterest pk-share-buttons-no-count\" data-id=\"pinterest\">\n\n\t\t\t\t\t\t\t<a href=\"https:\/\/pinterest.com\/pin\/create\/bookmarklet\/?url=https:\/\/devotion.es\/?p=3086&#038;media=https:\/\/devotion.es\/wp-content\/uploads\/2024\/04\/casa-decor-2024-palacio-de-la-trinidad-012-1.jpg\" class=\"pk-share-buttons-link\" target=\"_blank\">\n\n\t\t\t\t\t\t\t\t\t\t\t\t\t\t\t\t\t<i class=\"pk-share-buttons-icon pk-icon pk-icon-pinterest\"><\/i>\n\t\t\t\t\t\t\t\t\n\t\t\t\t\t\t\t\t\n\t\t\t\t\t\t\t\t\n\t\t\t\t\t\t\t\t\t\t\t\t\t\t\t<\/a>\n\n\t\t\t\t\t\t\t\n\t\t\t\t\t\t\t\n\t\t\t\t\t\t\t\t\t\t\t\t\t<\/div>\n\t\t\t\t\t\t\t\t<\/div>\n\t\t<\/div>\n\t\t\t\t\t<\/div>\n\t\t\t\n\t\t<\/div>\n\n\t\t\n\t<\/div>\n\n<\/article>\n\n<article class=\"post-grid post-2961 post type-post status-publish format-standard has-post-thumbnail category-eventos category-fashion category-lifestyle tag-fashion tag-news\">\n\n\t<div class=\"post-outer\">\n\n\t\t\n\t\t\t\t\t<div class=\"post-inner\">\n\t\t\t\t<div class=\"post-thumbnail\">\n\t\t\t\t\t\n\t\t\t\t\t<img loading=\"lazy\" decoding=\"async\" width=\"320\" height=\"450\" src=\"https:\/\/devotion.es\/wp-content\/uploads\/2024\/04\/DIEGO-Villalba-1-320x450.png\" class=\"attachment-csco-320 size-csco-320 wp-post-image\" alt=\"\" srcset=\"https:\/\/devotion.es\/wp-content\/uploads\/2024\/04\/DIEGO-Villalba-1-320x450.png 320w, https:\/\/devotion.es\/wp-content\/uploads\/2024\/04\/DIEGO-Villalba-1-800x1125.png 800w, https:\/\/devotion.es\/wp-content\/uploads\/2024\/04\/DIEGO-Villalba-1-120x169.png 120w, https:\/\/devotion.es\/wp-content\/uploads\/2024\/04\/DIEGO-Villalba-1-90x127.png 90w, https:\/\/devotion.es\/wp-content\/uploads\/2024\/04\/DIEGO-Villalba-1-560x787.png 560w, https:\/\/devotion.es\/wp-content\/uploads\/2024\/04\/DIEGO-Villalba-1.png 912w\" sizes=\"auto, (max-width: 320px) 100vw, 320px\" \/>\n\t\t\t\t\t\t\t\t\t\t\t<div class=\"post-more\">\n\t\t\t\t\t\t\t<a href=\"https:\/\/devotion.es\/?p=2961\" class=\"button-link\">\n\t\t\t\t\t\t\t\t<span>Ver Publicaci\u00f3n<\/span>\n\t\t\t\t\t\t\t<\/a>\n\t\t\t\t\t\t<\/div>\n\t\t\t\t\t\t\n\t\t\t\t\t\n\t\t\t\t\t<a href=\"https:\/\/devotion.es\/?p=2961\"><\/a>\n\t\t\t\t<\/div>\n\t\t\t<\/div>\n\t\t\n\t\t<div class=\"post-inner\">\n\n\t\t\t\n\t\t\t<header class=\"entry-header\">\n\t\t\t\t<div class=\"meta-category\"><ul class=\"post-categories\">\n\t<li><a href=\"https:\/\/devotion.es\/?cat=19\" rel=\"category\">Eventos<\/a><\/li>\n\t<li><a href=\"https:\/\/devotion.es\/?cat=7\" rel=\"category\">Fashion<\/a><\/li>\n\t<li><a href=\"https:\/\/devotion.es\/?cat=10\" rel=\"category\">Lifestyle<\/a><\/li><\/ul><\/div>\n\t\t\t\t<h2 class=\"entry-title\"><a href=\"https:\/\/devotion.es\/?p=2961\">Diego Villalba: Un Viaje Cautivador entre Moda y Arte<\/a><\/h2>\n\n\t\t\t\t<ul class=\"post-meta\"><li class=\"meta-author\"><span class=\"author\"><a class=\"url fn n\" href=\"https:\/\/devotion.es\/?author=1\" title=\"View all posts by devotion\">devotion<\/a><\/span><\/li><li class=\"meta-date\"><a href=\"https:\/\/devotion.es\/?p=2961\" rel=\"bookmark\">7 de marzo de 2024<\/a><\/li><\/ul>\t\t\t<\/header>\n\n\t\t\t\n\t\t\t\t\t\t\t\t\t\t<div class=\"post-excerpt\">\n\t\t\t\t\t\t\t\tEl reconocido director creativo Diego Villalba nos invita a sumergirnos en una experiencia sin igual con el lanzamiento de su nueva colecci\u00f3n, una exposici\u00f3n que desaf\u00eda las convenciones y&hellip;\t\t\t\t\t\t\t<\/div>\n\t\t\t\t\t\t\t\t\t\t\t\t\t<div class=\"post-more\">\n\t\t\t\t\t\t\t\t<div class=\"wp-block-button\">\n\t\t<a class=\"wp-block-button__link  button-effect\" href=\"https:\/\/devotion.es\/?p=2961\" target=\"\">\n\t\t\t<span>Ver Publicaci\u00f3n<\/span>\n\t\t\t<span><i class=\"cs-icon cs-icon-arrow-right\"><\/i><\/span>\n\t\t<\/a>\n\t<\/div>\n\t\t\t\t\t\t\t<\/div>\n\t\t\t\t\t\t\t\t\t\t<div class=\"post-share\">\n\t\t\t\t\t<span class=\"title-share\">Compartir <i class=\"cs-icon cs-icon-arrow-right\"><\/i><\/span>\n\n\t\t\t\t\t\t\t<div class=\"pk-share-buttons-wrap pk-share-buttons-layout-simple pk-share-buttons-scheme-simple-light pk-share-buttons-block-posts pk-share-buttons-mode-cached\" data-post-id=\"2961\" data-share-url=\"https:\/\/devotion.es\/?p=2961\" >\n\n\t\t\t\n\t\t\t<div class=\"pk-share-buttons-items\">\n\n\t\t\t\t\t\t\t\t\t\t<div class=\"pk-share-buttons-item pk-share-buttons-facebook pk-share-buttons-no-count\" data-id=\"facebook\">\n\n\t\t\t\t\t\t\t<a href=\"https:\/\/www.facebook.com\/sharer.php?u=https:\/\/devotion.es\/?p=2961\" class=\"pk-share-buttons-link\" target=\"_blank\">\n\n\t\t\t\t\t\t\t\t\t\t\t\t\t\t\t\t\t<i class=\"pk-share-buttons-icon pk-icon pk-icon-facebook\"><\/i>\n\t\t\t\t\t\t\t\t\n\t\t\t\t\t\t\t\t\n\t\t\t\t\t\t\t\t\n\t\t\t\t\t\t\t\t\t\t\t\t\t\t\t<\/a>\n\n\t\t\t\t\t\t\t\n\t\t\t\t\t\t\t\n\t\t\t\t\t\t\t\t\t\t\t\t\t<\/div>\n\t\t\t\t\t\t\t\t\t\t\t<div class=\"pk-share-buttons-item pk-share-buttons-twitter pk-share-buttons-no-count\" data-id=\"twitter\">\n\n\t\t\t\t\t\t\t<a href=\"https:\/\/twitter.com\/share?&#038;text=Diego%20Villalba%3A%20Un%20Viaje%20Cautivador%20entre%20Moda%20y%20Arte&#038;url=https:\/\/devotion.es\/?p=2961\" class=\"pk-share-buttons-link\" target=\"_blank\">\n\n\t\t\t\t\t\t\t\t\t\t\t\t\t\t\t\t\t<i class=\"pk-share-buttons-icon pk-icon pk-icon-twitter\"><\/i>\n\t\t\t\t\t\t\t\t\n\t\t\t\t\t\t\t\t\n\t\t\t\t\t\t\t\t\n\t\t\t\t\t\t\t\t\t\t\t\t\t\t\t<\/a>\n\n\t\t\t\t\t\t\t\n\t\t\t\t\t\t\t\n\t\t\t\t\t\t\t\t\t\t\t\t\t<\/div>\n\t\t\t\t\t\t\t\t\t\t\t<div class=\"pk-share-buttons-item pk-share-buttons-pinterest pk-share-buttons-no-count\" data-id=\"pinterest\">\n\n\t\t\t\t\t\t\t<a href=\"https:\/\/pinterest.com\/pin\/create\/bookmarklet\/?url=https:\/\/devotion.es\/?p=2961&#038;media=https:\/\/devotion.es\/wp-content\/uploads\/2024\/04\/DIEGO-Villalba-1.png\" class=\"pk-share-buttons-link\" target=\"_blank\">\n\n\t\t\t\t\t\t\t\t\t\t\t\t\t\t\t\t\t<i class=\"pk-share-buttons-icon pk-icon pk-icon-pinterest\"><\/i>\n\t\t\t\t\t\t\t\t\n\t\t\t\t\t\t\t\t\n\t\t\t\t\t\t\t\t\n\t\t\t\t\t\t\t\t\t\t\t\t\t\t\t<\/a>\n\n\t\t\t\t\t\t\t\n\t\t\t\t\t\t\t\n\t\t\t\t\t\t\t\t\t\t\t\t\t<\/div>\n\t\t\t\t\t\t\t\t<\/div>\n\t\t<\/div>\n\t\t\t\t\t<\/div>\n\t\t\t\n\t\t<\/div>\n\n\t\t\n\t<\/div>\n\n<\/article>\n\n<article class=\"post-grid post-2939 post type-post status-publish format-standard has-post-thumbnail category-news tag-news\">\n\n\t<div class=\"post-outer\">\n\n\t\t\n\t\t\t\t\t<div class=\"post-inner\">\n\t\t\t\t<div class=\"post-thumbnail\">\n\t\t\t\t\t\n\t\t\t\t\t<img loading=\"lazy\" decoding=\"async\" width=\"320\" height=\"480\" src=\"https:\/\/devotion.es\/wp-content\/uploads\/2023\/11\/pink-panter-320x480.jpeg\" class=\"attachment-csco-320 size-csco-320 wp-post-image\" alt=\"\" srcset=\"https:\/\/devotion.es\/wp-content\/uploads\/2023\/11\/pink-panter-320x480.jpeg 320w, https:\/\/devotion.es\/wp-content\/uploads\/2023\/11\/pink-panter-800x1200.jpeg 800w, https:\/\/devotion.es\/wp-content\/uploads\/2023\/11\/pink-panter-1160x1740.jpeg 1160w, https:\/\/devotion.es\/wp-content\/uploads\/2023\/11\/pink-panter-1024x1536.jpeg 1024w, https:\/\/devotion.es\/wp-content\/uploads\/2023\/11\/pink-panter-1365x2048.jpeg 1365w, https:\/\/devotion.es\/wp-content\/uploads\/2023\/11\/pink-panter-120x180.jpeg 120w, https:\/\/devotion.es\/wp-content\/uploads\/2023\/11\/pink-panter-90x135.jpeg 90w, https:\/\/devotion.es\/wp-content\/uploads\/2023\/11\/pink-panter-560x840.jpeg 560w, https:\/\/devotion.es\/wp-content\/uploads\/2023\/11\/pink-panter-1920x2880.jpeg 1920w, https:\/\/devotion.es\/wp-content\/uploads\/2023\/11\/pink-panter-scaled.jpeg 1707w\" sizes=\"auto, (max-width: 320px) 100vw, 320px\" \/>\n\t\t\t\t\t\t\t\t\t\t\t<div class=\"post-more\">\n\t\t\t\t\t\t\t<a href=\"https:\/\/devotion.es\/?p=2939\" class=\"button-link\">\n\t\t\t\t\t\t\t\t<span>Ver Publicaci\u00f3n<\/span>\n\t\t\t\t\t\t\t<\/a>\n\t\t\t\t\t\t<\/div>\n\t\t\t\t\t\t\n\t\t\t\t\t\n\t\t\t\t\t<a href=\"https:\/\/devotion.es\/?p=2939\"><\/a>\n\t\t\t\t<\/div>\n\t\t\t<\/div>\n\t\t\n\t\t<div class=\"post-inner\">\n\n\t\t\t\n\t\t\t<header class=\"entry-header\">\n\t\t\t\t<div class=\"meta-category\"><ul class=\"post-categories\">\n\t<li><a href=\"https:\/\/devotion.es\/?cat=9\" rel=\"category\">News<\/a><\/li><\/ul><\/div>\n\t\t\t\t<h2 class=\"entry-title\"><a href=\"https:\/\/devotion.es\/?p=2939\">Descubre el m\u00e1gico mundo de PinkPantheress y su \u00e9xito &#8221;Heaven Knows&#8221;<\/a><\/h2>\n\n\t\t\t\t<ul class=\"post-meta\"><li class=\"meta-author\"><span class=\"author\"><a class=\"url fn n\" href=\"https:\/\/devotion.es\/?author=1\" title=\"View all posts by devotion\">devotion<\/a><\/span><\/li><li class=\"meta-date\"><a href=\"https:\/\/devotion.es\/?p=2939\" rel=\"bookmark\">13 de noviembre de 2023<\/a><\/li><\/ul>\t\t\t<\/header>\n\n\t\t\t\n\t\t\t\t\t\t\t\t\t\t<div class=\"post-excerpt\">\n\t\t\t\t\t\t\t\tEn devotion &#039;s Music &amp; marketing , nos hemos sumergido en el fascinante universo de PinkPantheress y su \u00e9xito arrollador, &quot;Heaven Knows&quot;. ,\t\t\t\t\t\t\t<\/div>\n\t\t\t\t\t\t\t\t\t\t\t\t\t<div class=\"post-more\">\n\t\t\t\t\t\t\t\t<div class=\"wp-block-button\">\n\t\t<a class=\"wp-block-button__link  button-effect\" href=\"https:\/\/devotion.es\/?p=2939\" target=\"\">\n\t\t\t<span>Ver Publicaci\u00f3n<\/span>\n\t\t\t<span><i class=\"cs-icon cs-icon-arrow-right\"><\/i><\/span>\n\t\t<\/a>\n\t<\/div>\n\t\t\t\t\t\t\t<\/div>\n\t\t\t\t\t\t\t\t\t\t<div class=\"post-share\">\n\t\t\t\t\t<span class=\"title-share\">Compartir <i class=\"cs-icon cs-icon-arrow-right\"><\/i><\/span>\n\n\t\t\t\t\t\t\t<div class=\"pk-share-buttons-wrap pk-share-buttons-layout-simple pk-share-buttons-scheme-simple-light pk-share-buttons-block-posts pk-share-buttons-mode-cached\" data-post-id=\"2939\" data-share-url=\"https:\/\/devotion.es\/?p=2939\" >\n\n\t\t\t\n\t\t\t<div class=\"pk-share-buttons-items\">\n\n\t\t\t\t\t\t\t\t\t\t<div class=\"pk-share-buttons-item pk-share-buttons-facebook pk-share-buttons-no-count\" data-id=\"facebook\">\n\n\t\t\t\t\t\t\t<a href=\"https:\/\/www.facebook.com\/sharer.php?u=https:\/\/devotion.es\/?p=2939\" class=\"pk-share-buttons-link\" target=\"_blank\">\n\n\t\t\t\t\t\t\t\t\t\t\t\t\t\t\t\t\t<i class=\"pk-share-buttons-icon pk-icon pk-icon-facebook\"><\/i>\n\t\t\t\t\t\t\t\t\n\t\t\t\t\t\t\t\t\n\t\t\t\t\t\t\t\t\n\t\t\t\t\t\t\t\t\t\t\t\t\t\t\t<\/a>\n\n\t\t\t\t\t\t\t\n\t\t\t\t\t\t\t\n\t\t\t\t\t\t\t\t\t\t\t\t\t<\/div>\n\t\t\t\t\t\t\t\t\t\t\t<div class=\"pk-share-buttons-item pk-share-buttons-twitter pk-share-buttons-no-count\" data-id=\"twitter\">\n\n\t\t\t\t\t\t\t<a href=\"https:\/\/twitter.com\/share?&#038;text=Descubre%20el%20m%C3%A1gico%20mundo%20de%20PinkPantheress%20y%20su%20%C3%A9xito%20%E2%80%9DHeaven%20Knows%E2%80%9D&#038;url=https:\/\/devotion.es\/?p=2939\" class=\"pk-share-buttons-link\" target=\"_blank\">\n\n\t\t\t\t\t\t\t\t\t\t\t\t\t\t\t\t\t<i class=\"pk-share-buttons-icon pk-icon pk-icon-twitter\"><\/i>\n\t\t\t\t\t\t\t\t\n\t\t\t\t\t\t\t\t\n\t\t\t\t\t\t\t\t\n\t\t\t\t\t\t\t\t\t\t\t\t\t\t\t<\/a>\n\n\t\t\t\t\t\t\t\n\t\t\t\t\t\t\t\n\t\t\t\t\t\t\t\t\t\t\t\t\t<\/div>\n\t\t\t\t\t\t\t\t\t\t\t<div class=\"pk-share-buttons-item pk-share-buttons-pinterest pk-share-buttons-no-count\" data-id=\"pinterest\">\n\n\t\t\t\t\t\t\t<a href=\"https:\/\/pinterest.com\/pin\/create\/bookmarklet\/?url=https:\/\/devotion.es\/?p=2939&#038;media=https:\/\/devotion.es\/wp-content\/uploads\/2023\/11\/pink-panter-1160x1740.jpeg\" class=\"pk-share-buttons-link\" target=\"_blank\">\n\n\t\t\t\t\t\t\t\t\t\t\t\t\t\t\t\t\t<i class=\"pk-share-buttons-icon pk-icon pk-icon-pinterest\"><\/i>\n\t\t\t\t\t\t\t\t\n\t\t\t\t\t\t\t\t\n\t\t\t\t\t\t\t\t\n\t\t\t\t\t\t\t\t\t\t\t\t\t\t\t<\/a>\n\n\t\t\t\t\t\t\t\n\t\t\t\t\t\t\t\n\t\t\t\t\t\t\t\t\t\t\t\t\t<\/div>\n\t\t\t\t\t\t\t\t<\/div>\n\t\t<\/div>\n\t\t\t\t\t<\/div>\n\t\t\t\n\t\t<\/div>\n\n\t\t\n\t<\/div>\n\n<\/article>\n\n<article class=\"post-grid post-2953 post type-post status-publish format-standard has-post-thumbnail category-eventos category-fashion category-lifestyle category-news tag-fashion tag-news\">\n\n\t<div class=\"post-outer\">\n\n\t\t\n\t\t\t\t\t<div class=\"post-inner\">\n\t\t\t\t<div class=\"post-thumbnail\">\n\t\t\t\t\t\n\t\t\t\t\t<img loading=\"lazy\" decoding=\"async\" width=\"320\" height=\"224\" src=\"https:\/\/devotion.es\/wp-content\/uploads\/2023\/11\/karl-lagerfeld-hotel-macau-1-320x224.webp\" class=\"attachment-csco-320 size-csco-320 wp-post-image\" alt=\"\" srcset=\"https:\/\/devotion.es\/wp-content\/uploads\/2023\/11\/karl-lagerfeld-hotel-macau-1-320x224.webp 320w, https:\/\/devotion.es\/wp-content\/uploads\/2023\/11\/karl-lagerfeld-hotel-macau-1-800x559.webp 800w, https:\/\/devotion.es\/wp-content\/uploads\/2023\/11\/karl-lagerfeld-hotel-macau-1-1160x811.webp 1160w, https:\/\/devotion.es\/wp-content\/uploads\/2023\/11\/karl-lagerfeld-hotel-macau-1-120x84.webp 120w, https:\/\/devotion.es\/wp-content\/uploads\/2023\/11\/karl-lagerfeld-hotel-macau-1-90x63.webp 90w, https:\/\/devotion.es\/wp-content\/uploads\/2023\/11\/karl-lagerfeld-hotel-macau-1-560x392.webp 560w, https:\/\/devotion.es\/wp-content\/uploads\/2023\/11\/karl-lagerfeld-hotel-macau-1.webp 1500w\" sizes=\"auto, (max-width: 320px) 100vw, 320px\" \/>\n\t\t\t\t\t\t\t\t\t\t\t<div class=\"post-more\">\n\t\t\t\t\t\t\t<a href=\"https:\/\/devotion.es\/?p=2953\" class=\"button-link\">\n\t\t\t\t\t\t\t\t<span>Ver Publicaci\u00f3n<\/span>\n\t\t\t\t\t\t\t<\/a>\n\t\t\t\t\t\t<\/div>\n\t\t\t\t\t\t\n\t\t\t\t\t\n\t\t\t\t\t<a href=\"https:\/\/devotion.es\/?p=2953\"><\/a>\n\t\t\t\t<\/div>\n\t\t\t<\/div>\n\t\t\n\t\t<div class=\"post-inner\">\n\n\t\t\t\n\t\t\t<header class=\"entry-header\">\n\t\t\t\t<div class=\"meta-category\"><ul class=\"post-categories\">\n\t<li><a href=\"https:\/\/devotion.es\/?cat=19\" rel=\"category\">Eventos<\/a><\/li>\n\t<li><a href=\"https:\/\/devotion.es\/?cat=7\" rel=\"category\">Fashion<\/a><\/li>\n\t<li><a href=\"https:\/\/devotion.es\/?cat=10\" rel=\"category\">Lifestyle<\/a><\/li>\n\t<li><a href=\"https:\/\/devotion.es\/?cat=9\" rel=\"category\">News<\/a><\/li><\/ul><\/div>\n\t\t\t\t<h2 class=\"entry-title\"><a href=\"https:\/\/devotion.es\/?p=2953\">Hotel Lagerfeld en Macao: Descubre el lujo y la elegancia en este proyecto hotelero \u00fanico<\/a><\/h2>\n\n\t\t\t\t<ul class=\"post-meta\"><li class=\"meta-author\"><span class=\"author\"><a class=\"url fn n\" href=\"https:\/\/devotion.es\/?author=1\" title=\"View all posts by devotion\">devotion<\/a><\/span><\/li><li class=\"meta-date\"><a href=\"https:\/\/devotion.es\/?p=2953\" rel=\"bookmark\">1 de junio de 2023<\/a><\/li><\/ul>\t\t\t<\/header>\n\n\t\t\t\n\t\t\t\t\t\t\t\t\t\t<div class=\"post-excerpt\">\n\t\t\t\t\t\t\t\t\u00a1Descubre el legado del ic\u00f3nico dise\u00f1ador Karl Lagerfeld en el proyecto hotelero m\u00e1s ambicioso de todos los tiempos! En junio, se inaugurar\u00e1 oficialmente en Macao el espectacular Hotel&hellip;\t\t\t\t\t\t\t<\/div>\n\t\t\t\t\t\t\t\t\t\t\t\t\t<div class=\"post-more\">\n\t\t\t\t\t\t\t\t<div class=\"wp-block-button\">\n\t\t<a class=\"wp-block-button__link  button-effect\" href=\"https:\/\/devotion.es\/?p=2953\" target=\"\">\n\t\t\t<span>Ver Publicaci\u00f3n<\/span>\n\t\t\t<span><i class=\"cs-icon cs-icon-arrow-right\"><\/i><\/span>\n\t\t<\/a>\n\t<\/div>\n\t\t\t\t\t\t\t<\/div>\n\t\t\t\t\t\t\t\t\t\t<div class=\"post-share\">\n\t\t\t\t\t<span class=\"title-share\">Compartir <i class=\"cs-icon cs-icon-arrow-right\"><\/i><\/span>\n\n\t\t\t\t\t\t\t<div class=\"pk-share-buttons-wrap pk-share-buttons-layout-simple pk-share-buttons-scheme-simple-light pk-share-buttons-block-posts pk-share-buttons-mode-cached\" data-post-id=\"2953\" data-share-url=\"https:\/\/devotion.es\/?p=2953\" >\n\n\t\t\t\n\t\t\t<div class=\"pk-share-buttons-items\">\n\n\t\t\t\t\t\t\t\t\t\t<div class=\"pk-share-buttons-item pk-share-buttons-facebook pk-share-buttons-no-count\" data-id=\"facebook\">\n\n\t\t\t\t\t\t\t<a href=\"https:\/\/www.facebook.com\/sharer.php?u=https:\/\/devotion.es\/?p=2953\" class=\"pk-share-buttons-link\" target=\"_blank\">\n\n\t\t\t\t\t\t\t\t\t\t\t\t\t\t\t\t\t<i class=\"pk-share-buttons-icon pk-icon pk-icon-facebook\"><\/i>\n\t\t\t\t\t\t\t\t\n\t\t\t\t\t\t\t\t\n\t\t\t\t\t\t\t\t\n\t\t\t\t\t\t\t\t\t\t\t\t\t\t\t<\/a>\n\n\t\t\t\t\t\t\t\n\t\t\t\t\t\t\t\n\t\t\t\t\t\t\t\t\t\t\t\t\t<\/div>\n\t\t\t\t\t\t\t\t\t\t\t<div class=\"pk-share-buttons-item pk-share-buttons-twitter pk-share-buttons-no-count\" data-id=\"twitter\">\n\n\t\t\t\t\t\t\t<a href=\"https:\/\/twitter.com\/share?&#038;text=Hotel%20Lagerfeld%20en%20Macao%3A%20Descubre%20el%20lujo%20y%20la%20elegancia%20en%20este%20proyecto%20hotelero%20%C3%BAnico&#038;url=https:\/\/devotion.es\/?p=2953\" class=\"pk-share-buttons-link\" target=\"_blank\">\n\n\t\t\t\t\t\t\t\t\t\t\t\t\t\t\t\t\t<i class=\"pk-share-buttons-icon pk-icon pk-icon-twitter\"><\/i>\n\t\t\t\t\t\t\t\t\n\t\t\t\t\t\t\t\t\n\t\t\t\t\t\t\t\t\n\t\t\t\t\t\t\t\t\t\t\t\t\t\t\t<\/a>\n\n\t\t\t\t\t\t\t\n\t\t\t\t\t\t\t\n\t\t\t\t\t\t\t\t\t\t\t\t\t<\/div>\n\t\t\t\t\t\t\t\t\t\t\t<div class=\"pk-share-buttons-item pk-share-buttons-pinterest pk-share-buttons-no-count\" data-id=\"pinterest\">\n\n\t\t\t\t\t\t\t<a href=\"https:\/\/pinterest.com\/pin\/create\/bookmarklet\/?url=https:\/\/devotion.es\/?p=2953&#038;media=https:\/\/devotion.es\/wp-content\/uploads\/2023\/11\/karl-lagerfeld-hotel-macau-1-1160x811.webp\" class=\"pk-share-buttons-link\" target=\"_blank\">\n\n\t\t\t\t\t\t\t\t\t\t\t\t\t\t\t\t\t<i class=\"pk-share-buttons-icon pk-icon pk-icon-pinterest\"><\/i>\n\t\t\t\t\t\t\t\t\n\t\t\t\t\t\t\t\t\n\t\t\t\t\t\t\t\t\n\t\t\t\t\t\t\t\t\t\t\t\t\t\t\t<\/a>\n\n\t\t\t\t\t\t\t\n\t\t\t\t\t\t\t\n\t\t\t\t\t\t\t\t\t\t\t\t\t<\/div>\n\t\t\t\t\t\t\t\t<\/div>\n\t\t<\/div>\n\t\t\t\t\t<\/div>\n\t\t\t\n\t\t<\/div>\n\n\t\t\n\t<\/div>\n\n<\/article>\n\n<article class=\"post-grid post-2968 post type-post status-publish format-standard has-post-thumbnail category-eventos category-lifestyle category-news\">\n\n\t<div class=\"post-outer\">\n\n\t\t\n\t\t\t\t\t<div class=\"post-inner\">\n\t\t\t\t<div class=\"post-thumbnail\">\n\t\t\t\t\t\n\t\t\t\t\t<img loading=\"lazy\" decoding=\"async\" width=\"320\" height=\"486\" src=\"https:\/\/devotion.es\/wp-content\/uploads\/2024\/04\/Captura-de-pantalla-2024-04-17-a-las-15.26.46-320x486.png\" class=\"attachment-csco-320 size-csco-320 wp-post-image\" alt=\"\" srcset=\"https:\/\/devotion.es\/wp-content\/uploads\/2024\/04\/Captura-de-pantalla-2024-04-17-a-las-15.26.46-320x486.png 320w, https:\/\/devotion.es\/wp-content\/uploads\/2024\/04\/Captura-de-pantalla-2024-04-17-a-las-15.26.46-800x1215.png 800w, https:\/\/devotion.es\/wp-content\/uploads\/2024\/04\/Captura-de-pantalla-2024-04-17-a-las-15.26.46-120x182.png 120w, https:\/\/devotion.es\/wp-content\/uploads\/2024\/04\/Captura-de-pantalla-2024-04-17-a-las-15.26.46-90x137.png 90w, https:\/\/devotion.es\/wp-content\/uploads\/2024\/04\/Captura-de-pantalla-2024-04-17-a-las-15.26.46-560x851.png 560w, https:\/\/devotion.es\/wp-content\/uploads\/2024\/04\/Captura-de-pantalla-2024-04-17-a-las-15.26.46.png 878w\" sizes=\"auto, (max-width: 320px) 100vw, 320px\" \/>\n\t\t\t\t\t\t\t\t\t\t\t<div class=\"post-more\">\n\t\t\t\t\t\t\t<a href=\"https:\/\/devotion.es\/?p=2968\" class=\"button-link\">\n\t\t\t\t\t\t\t\t<span>Ver Publicaci\u00f3n<\/span>\n\t\t\t\t\t\t\t<\/a>\n\t\t\t\t\t\t<\/div>\n\t\t\t\t\t\t\n\t\t\t\t\t\n\t\t\t\t\t<a href=\"https:\/\/devotion.es\/?p=2968\"><\/a>\n\t\t\t\t<\/div>\n\t\t\t<\/div>\n\t\t\n\t\t<div class=\"post-inner\">\n\n\t\t\t\n\t\t\t<header class=\"entry-header\">\n\t\t\t\t<div class=\"meta-category\"><ul class=\"post-categories\">\n\t<li><a href=\"https:\/\/devotion.es\/?cat=19\" rel=\"category\">Eventos<\/a><\/li>\n\t<li><a href=\"https:\/\/devotion.es\/?cat=10\" rel=\"category\">Lifestyle<\/a><\/li>\n\t<li><a href=\"https:\/\/devotion.es\/?cat=9\" rel=\"category\">News<\/a><\/li><\/ul><\/div>\n\t\t\t\t<h2 class=\"entry-title\"><a href=\"https:\/\/devotion.es\/?p=2968\">Casa Decor 2023: Un viaje sensorial a trav\u00e9s del dise\u00f1o y la innovaci\u00f3n<\/a><\/h2>\n\n\t\t\t\t<ul class=\"post-meta\"><li class=\"meta-author\"><span class=\"author\"><a class=\"url fn n\" href=\"https:\/\/devotion.es\/?author=1\" title=\"View all posts by devotion\">devotion<\/a><\/span><\/li><li class=\"meta-date\"><a href=\"https:\/\/devotion.es\/?p=2968\" rel=\"bookmark\">17 de abril de 2023<\/a><\/li><\/ul>\t\t\t<\/header>\n\n\t\t\t\n\t\t\t\t\t\t\t\t\t\t<div class=\"post-excerpt\">\n\t\t\t\t\t\t\t\tEn mi rol como periodista en el mundo de la decoraci\u00f3n, tengo el privilegio de haber vivido en primera persona la magia de Casa Decor 2023. Una edici\u00f3n que ha marcado un antes y un despu\u00e9s en&hellip;\t\t\t\t\t\t\t<\/div>\n\t\t\t\t\t\t\t\t\t\t\t\t\t<div class=\"post-more\">\n\t\t\t\t\t\t\t\t<div class=\"wp-block-button\">\n\t\t<a class=\"wp-block-button__link  button-effect\" href=\"https:\/\/devotion.es\/?p=2968\" target=\"\">\n\t\t\t<span>Ver Publicaci\u00f3n<\/span>\n\t\t\t<span><i class=\"cs-icon cs-icon-arrow-right\"><\/i><\/span>\n\t\t<\/a>\n\t<\/div>\n\t\t\t\t\t\t\t<\/div>\n\t\t\t\t\t\t\t\t\t\t<div class=\"post-share\">\n\t\t\t\t\t<span class=\"title-share\">Compartir <i class=\"cs-icon cs-icon-arrow-right\"><\/i><\/span>\n\n\t\t\t\t\t\t\t<div class=\"pk-share-buttons-wrap pk-share-buttons-layout-simple pk-share-buttons-scheme-simple-light pk-share-buttons-block-posts pk-share-buttons-mode-cached\" data-post-id=\"2968\" data-share-url=\"https:\/\/devotion.es\/?p=2968\" >\n\n\t\t\t\n\t\t\t<div class=\"pk-share-buttons-items\">\n\n\t\t\t\t\t\t\t\t\t\t<div class=\"pk-share-buttons-item pk-share-buttons-facebook pk-share-buttons-no-count\" data-id=\"facebook\">\n\n\t\t\t\t\t\t\t<a href=\"https:\/\/www.facebook.com\/sharer.php?u=https:\/\/devotion.es\/?p=2968\" class=\"pk-share-buttons-link\" target=\"_blank\">\n\n\t\t\t\t\t\t\t\t\t\t\t\t\t\t\t\t\t<i class=\"pk-share-buttons-icon pk-icon pk-icon-facebook\"><\/i>\n\t\t\t\t\t\t\t\t\n\t\t\t\t\t\t\t\t\n\t\t\t\t\t\t\t\t\n\t\t\t\t\t\t\t\t\t\t\t\t\t\t\t<\/a>\n\n\t\t\t\t\t\t\t\n\t\t\t\t\t\t\t\n\t\t\t\t\t\t\t\t\t\t\t\t\t<\/div>\n\t\t\t\t\t\t\t\t\t\t\t<div class=\"pk-share-buttons-item pk-share-buttons-twitter pk-share-buttons-no-count\" data-id=\"twitter\">\n\n\t\t\t\t\t\t\t<a href=\"https:\/\/twitter.com\/share?&#038;text=Casa%20Decor%202023%3A%20Un%20viaje%20sensorial%20a%20trav%C3%A9s%20del%20dise%C3%B1o%20y%20la%20innovaci%C3%B3n&#038;url=https:\/\/devotion.es\/?p=2968\" class=\"pk-share-buttons-link\" target=\"_blank\">\n\n\t\t\t\t\t\t\t\t\t\t\t\t\t\t\t\t\t<i class=\"pk-share-buttons-icon pk-icon pk-icon-twitter\"><\/i>\n\t\t\t\t\t\t\t\t\n\t\t\t\t\t\t\t\t\n\t\t\t\t\t\t\t\t\n\t\t\t\t\t\t\t\t\t\t\t\t\t\t\t<\/a>\n\n\t\t\t\t\t\t\t\n\t\t\t\t\t\t\t\n\t\t\t\t\t\t\t\t\t\t\t\t\t<\/div>\n\t\t\t\t\t\t\t\t\t\t\t<div class=\"pk-share-buttons-item pk-share-buttons-pinterest pk-share-buttons-no-count\" data-id=\"pinterest\">\n\n\t\t\t\t\t\t\t<a href=\"https:\/\/pinterest.com\/pin\/create\/bookmarklet\/?url=https:\/\/devotion.es\/?p=2968&#038;media=https:\/\/devotion.es\/wp-content\/uploads\/2024\/04\/Captura-de-pantalla-2024-04-17-a-las-15.26.46.png\" class=\"pk-share-buttons-link\" target=\"_blank\">\n\n\t\t\t\t\t\t\t\t\t\t\t\t\t\t\t\t\t<i class=\"pk-share-buttons-icon pk-icon pk-icon-pinterest\"><\/i>\n\t\t\t\t\t\t\t\t\n\t\t\t\t\t\t\t\t\n\t\t\t\t\t\t\t\t\n\t\t\t\t\t\t\t\t\t\t\t\t\t\t\t<\/a>\n\n\t\t\t\t\t\t\t\n\t\t\t\t\t\t\t\n\t\t\t\t\t\t\t\t\t\t\t\t\t<\/div>\n\t\t\t\t\t\t\t\t<\/div>\n\t\t<\/div>\n\t\t\t\t\t<\/div>\n\t\t\t\n\t\t<\/div>\n\n\t\t\n\t<\/div>\n\n<\/article>\n<\/div>\t<\/div>\n\n<\/div>\n\t\n\t<\/div>\n<\/div>\n\n\n\n<div class=\"cnvs-block-section-sidebar cnvs-block-section-sidebar-1569489982562\" >\n\t<div class=\"cnvs-block-section-sidebar-inner\">\n\t\t\n<div class=\"cnvs-block-author cnvs-block-author-1665438610881\" >\t\t<div class=\"widget-body\">\n\t\t\t<div class=\"pk-widget-author pk-widget-author-with-bg\">\n\t\t\t\t\t\t\t\t\t<div class=\"pk-widget-author-bg\">\n\t\t\t\t\t\t<img loading=\"lazy\" decoding=\"async\" width=\"1080\" height=\"360\" src=\"https:\/\/devotion.es\/wp-content\/uploads\/2023\/11\/devotion-logo-web-final.jpg\" class=\"attachment-large size-large\" alt=\"\" srcset=\"https:\/\/devotion.es\/wp-content\/uploads\/2023\/11\/devotion-logo-web-final.jpg 1080w, https:\/\/devotion.es\/wp-content\/uploads\/2023\/11\/devotion-logo-web-final-800x267.jpg 800w, https:\/\/devotion.es\/wp-content\/uploads\/2023\/11\/devotion-logo-web-final-120x40.jpg 120w, https:\/\/devotion.es\/wp-content\/uploads\/2023\/11\/devotion-logo-web-final-90x30.jpg 90w, https:\/\/devotion.es\/wp-content\/uploads\/2023\/11\/devotion-logo-web-final-320x107.jpg 320w, https:\/\/devotion.es\/wp-content\/uploads\/2023\/11\/devotion-logo-web-final-560x187.jpg 560w\" sizes=\"auto, (max-width: 1080px) 100vw, 1080px\" \/>\t\t\t\t\t<\/div>\n\t\t\t\t\n\t\t\t\t<div class=\"pk-widget-author-container pk-bg-overlay\">\n\t\t\t\t\t\n\t\t\t\t\t\n\t\t\t\t\t<h5 id=\"devotion\" class=\"pk-author-title\">\n\t\t\t\t\t\t<a href=\"https:\/\/devotion.es\/?author=1\" rel=\"author\">\n\t\t\t\t\t\t\tdevotion\t\t\t\t\t\t<\/a>\n\t\t\t\t\t<\/h5>\n\n\t\t\t\t\t\n\t\t\t\t\t<div class=\"pk-author-data\">\n\t\t\t\t\t\t\n\t\t\t\t\t\t\t\t\t\t\t<\/div>\n\t\t\t\t<\/div>\n\t\t\t<\/div>\n\t\t<\/div>\n\t<\/div>\n\n\t<div class=\"cnvs-block-posts-sidebar cnvs-block-featured-posts-1569493578843 cnvs-block-posts-sidebar-slider\">\n\t\t<div class=\"cnvs-block-posts-sidebar-inner\">\n\t\t\t<ul class=\"cnvs-posts-list\">\n\t\t\t\t\t\t\t\t\t<li class=\"cnvs-post-item\">\n\t\t\t\t\t\t\t\t\t\t\t\t\t<article class=\"layout-size-large overlay ratio ratio-portrait post-3146 post type-post status-publish format-standard has-post-thumbnail category-eventos category-lifestyle category-news\">\n\t\t\t\t\t\t\t\t<div class=\"overlay-media\">\n\t\t\t\t\t\t\t\t\t<img loading=\"lazy\" decoding=\"async\" width=\"320\" height=\"427\" src=\"https:\/\/devotion.es\/wp-content\/uploads\/2026\/04\/casa-decor-2026-fachada-001-320x427.jpg\" class=\"attachment-csco-320-portrait size-csco-320-portrait wp-post-image\" alt=\"\" srcset=\"https:\/\/devotion.es\/wp-content\/uploads\/2026\/04\/casa-decor-2026-fachada-001-320x427.jpg 320w, https:\/\/devotion.es\/wp-content\/uploads\/2026\/04\/casa-decor-2026-fachada-001-120x160.jpg 120w, https:\/\/devotion.es\/wp-content\/uploads\/2026\/04\/casa-decor-2026-fachada-001-90x120.jpg 90w, https:\/\/devotion.es\/wp-content\/uploads\/2026\/04\/casa-decor-2026-fachada-001-560x747.jpg 560w, https:\/\/devotion.es\/wp-content\/uploads\/2026\/04\/casa-decor-2026-fachada-001-800x1067.jpg 800w, https:\/\/devotion.es\/wp-content\/uploads\/2026\/04\/casa-decor-2026-fachada-001-1160x1547.jpg 1160w, https:\/\/devotion.es\/wp-content\/uploads\/2026\/04\/casa-decor-2026-fachada-001-1920x2560.jpg 1920w\" sizes=\"auto, (max-width: 320px) 100vw, 320px\" \/>\t\t\t\t\t\t\t\t\t<a href=\"https:\/\/devotion.es\/?p=3146\" class=\"overlay-link\"><\/a>\n\t\t\t\t\t\t\t\t<\/div>\n\t\t\t\t\t\t\t\t<div class=\"overlay-outer\">\n\t\t\t\t\t\t\t\t\t<div class=\"overlay-inner\">\n\t\t\t\t\t\t\t\t\t\t<div class=\"meta-category\"><ul class=\"post-categories\">\n\t<li><a href=\"https:\/\/devotion.es\/?cat=19\" rel=\"category\">Eventos<\/a><\/li>\n\t<li><a href=\"https:\/\/devotion.es\/?cat=10\" rel=\"category\">Lifestyle<\/a><\/li>\n\t<li><a href=\"https:\/\/devotion.es\/?cat=9\" rel=\"category\">News<\/a><\/li><\/ul><\/div>\n\t\t\t\t\t\t\t\t\t\t<h2 class=\"entry-title\">\n\t\t\t\t\t\t\t\t\t\t\t<a href=\"https:\/\/devotion.es\/?p=3146\">Casa Decor 2026: Una Edici\u00f3n de Oro en el Coraz\u00f3n de las Letras<\/a>\n\t\t\t\t\t\t\t\t\t\t<\/h2>\n\n\t\t\t\t\t\t\t\t\t\t\n\t\t\t\t\t\t\t\t\t\t\t\t\t\t\t\t\t\t\t\t\t<div class=\"view-post-button\">\n\t\t\t\t\t\t\t\t\t\t\t\t\t<div class=\"wp-block-button\">\n\t\t<a class=\"wp-block-button__link  button-effect\" href=\"https:\/\/devotion.es\/?p=3146\" target=\"\">\n\t\t\t<span>Ver Publicaci\u00f3n<\/span>\n\t\t\t<span><i class=\"cs-icon cs-icon-arrow-right\"><\/i><\/span>\n\t\t<\/a>\n\t<\/div>\n\t\t\t\t\t\t\t\t\t\t\t\t<\/div>\n\t\t\t\t\t\t\t\t\t\t\t\t\t\t\t\t\t\t\t\t<\/div>\n\t\t\t\t\t\t\t\t<\/div>\n\t\t\t\t\t\t\t<\/article>\n\t\t\t\t\t\t\t\t\t\t\t\t<\/li>\n\t\t\t\t\t\t\t\t\t\t<li class=\"cnvs-post-item\">\n\t\t\t\t\t\t\t\t\t\t\t\t\t<article class=\"layout-size-large overlay ratio ratio-portrait post-3110 post type-post status-publish format-standard has-post-thumbnail category-eventos category-news\">\n\t\t\t\t\t\t\t\t<div class=\"overlay-media\">\n\t\t\t\t\t\t\t\t\t<img loading=\"lazy\" decoding=\"async\" width=\"320\" height=\"427\" src=\"https:\/\/devotion.es\/wp-content\/uploads\/2025\/10\/IMG_3306-320x427.jpg\" class=\"attachment-csco-320-portrait size-csco-320-portrait wp-post-image\" alt=\"\" srcset=\"https:\/\/devotion.es\/wp-content\/uploads\/2025\/10\/IMG_3306-320x427.jpg 320w, https:\/\/devotion.es\/wp-content\/uploads\/2025\/10\/IMG_3306-120x160.jpg 120w, https:\/\/devotion.es\/wp-content\/uploads\/2025\/10\/IMG_3306-90x120.jpg 90w\" sizes=\"auto, (max-width: 320px) 100vw, 320px\" \/>\t\t\t\t\t\t\t\t\t<a href=\"https:\/\/devotion.es\/?p=3110\" class=\"overlay-link\"><\/a>\n\t\t\t\t\t\t\t\t<\/div>\n\t\t\t\t\t\t\t\t<div class=\"overlay-outer\">\n\t\t\t\t\t\t\t\t\t<div class=\"overlay-inner\">\n\t\t\t\t\t\t\t\t\t\t<div class=\"meta-category\"><ul class=\"post-categories\">\n\t<li><a href=\"https:\/\/devotion.es\/?cat=19\" rel=\"category\">Eventos<\/a><\/li>\n\t<li><a href=\"https:\/\/devotion.es\/?cat=9\" rel=\"category\">News<\/a><\/li><\/ul><\/div>\n\t\t\t\t\t\t\t\t\t\t<h2 class=\"entry-title\">\n\t\t\t\t\t\t\t\t\t\t\t<a href=\"https:\/\/devotion.es\/?p=3110\">Gastronom\u00eda, territorio y memoria: un tributo a Manab\u00ed en el coraz\u00f3n de Madrid<\/a>\n\t\t\t\t\t\t\t\t\t\t<\/h2>\n\n\t\t\t\t\t\t\t\t\t\t\n\t\t\t\t\t\t\t\t\t\t\t\t\t\t\t\t\t\t\t\t\t<div class=\"view-post-button\">\n\t\t\t\t\t\t\t\t\t\t\t\t\t<div class=\"wp-block-button\">\n\t\t<a class=\"wp-block-button__link  button-effect\" href=\"https:\/\/devotion.es\/?p=3110\" target=\"\">\n\t\t\t<span>Ver Publicaci\u00f3n<\/span>\n\t\t\t<span><i class=\"cs-icon cs-icon-arrow-right\"><\/i><\/span>\n\t\t<\/a>\n\t<\/div>\n\t\t\t\t\t\t\t\t\t\t\t\t<\/div>\n\t\t\t\t\t\t\t\t\t\t\t\t\t\t\t\t\t\t\t\t<\/div>\n\t\t\t\t\t\t\t\t<\/div>\n\t\t\t\t\t\t\t<\/article>\n\t\t\t\t\t\t\t\t\t\t\t\t<\/li>\n\t\t\t\t\t\t\t\t\t\t<li class=\"cnvs-post-item\">\n\t\t\t\t\t\t\t\t\t\t\t\t\t<article class=\"layout-size-large overlay ratio ratio-portrait post-3060 post type-post status-publish format-standard has-post-thumbnail category-eventos category-lifestyle category-news\">\n\t\t\t\t\t\t\t\t<div class=\"overlay-media\">\n\t\t\t\t\t\t\t\t\t<img loading=\"lazy\" decoding=\"async\" width=\"320\" height=\"427\" src=\"https:\/\/devotion.es\/wp-content\/uploads\/2025\/03\/Captura-de-pantalla-2025-04-02-a-las-19.25.38-320x427.png\" class=\"attachment-csco-320-portrait size-csco-320-portrait wp-post-image\" alt=\"\" srcset=\"https:\/\/devotion.es\/wp-content\/uploads\/2025\/03\/Captura-de-pantalla-2025-04-02-a-las-19.25.38-320x427.png 320w, https:\/\/devotion.es\/wp-content\/uploads\/2025\/03\/Captura-de-pantalla-2025-04-02-a-las-19.25.38-120x160.png 120w, https:\/\/devotion.es\/wp-content\/uploads\/2025\/03\/Captura-de-pantalla-2025-04-02-a-las-19.25.38-90x120.png 90w, https:\/\/devotion.es\/wp-content\/uploads\/2025\/03\/Captura-de-pantalla-2025-04-02-a-las-19.25.38-560x747.png 560w, https:\/\/devotion.es\/wp-content\/uploads\/2025\/03\/Captura-de-pantalla-2025-04-02-a-las-19.25.38-800x1067.png 800w\" sizes=\"auto, (max-width: 320px) 100vw, 320px\" \/>\t\t\t\t\t\t\t\t\t<a href=\"https:\/\/devotion.es\/?p=3060\" class=\"overlay-link\"><\/a>\n\t\t\t\t\t\t\t\t<\/div>\n\t\t\t\t\t\t\t\t<div class=\"overlay-outer\">\n\t\t\t\t\t\t\t\t\t<div class=\"overlay-inner\">\n\t\t\t\t\t\t\t\t\t\t<div class=\"meta-category\"><ul class=\"post-categories\">\n\t<li><a href=\"https:\/\/devotion.es\/?cat=19\" rel=\"category\">Eventos<\/a><\/li>\n\t<li><a href=\"https:\/\/devotion.es\/?cat=10\" rel=\"category\">Lifestyle<\/a><\/li>\n\t<li><a href=\"https:\/\/devotion.es\/?cat=9\" rel=\"category\">News<\/a><\/li><\/ul><\/div>\n\t\t\t\t\t\t\t\t\t\t<h2 class=\"entry-title\">\n\t\t\t\t\t\t\t\t\t\t\t<a href=\"https:\/\/devotion.es\/?p=3060\">Casa Ecuador 2025<\/a>\n\t\t\t\t\t\t\t\t\t\t<\/h2>\n\n\t\t\t\t\t\t\t\t\t\t\n\t\t\t\t\t\t\t\t\t\t\t\t\t\t\t\t\t\t\t\t\t<div class=\"view-post-button\">\n\t\t\t\t\t\t\t\t\t\t\t\t\t<div class=\"wp-block-button\">\n\t\t<a class=\"wp-block-button__link  button-effect\" href=\"https:\/\/devotion.es\/?p=3060\" target=\"\">\n\t\t\t<span>Ver Publicaci\u00f3n<\/span>\n\t\t\t<span><i class=\"cs-icon cs-icon-arrow-right\"><\/i><\/span>\n\t\t<\/a>\n\t<\/div>\n\t\t\t\t\t\t\t\t\t\t\t\t<\/div>\n\t\t\t\t\t\t\t\t\t\t\t\t\t\t\t\t\t\t\t\t<\/div>\n\t\t\t\t\t\t\t\t<\/div>\n\t\t\t\t\t\t\t<\/article>\n\t\t\t\t\t\t\t\t\t\t\t\t<\/li>\n\t\t\t\t\t\t\t\t<\/ul>\n\t\t<\/div>\n\t<\/div>\n\t\n\n\n<h5 id=\"instagram\" class=\"cnvs-block-section-heading cnvs-block-section-heading-1572085942199 is-style-cnvs-block-section-heading-default haligncenter\" >\n\t<span class=\"cnvs-section-title\">\n\t\t<span>Instagram<\/span>\n\t<\/span>\n<\/h5>\n\n\n<div class=\"cnvs-block-instagram cnvs-block-instagram-1569493975526\" ><\/div>\n\n\n<h5 id=\"follow-us\" class=\"cnvs-block-section-heading cnvs-block-section-heading-1572085948389 is-style-cnvs-block-section-heading-default haligncenter\" >\n\t<span class=\"cnvs-section-title\">\n\t\t<span>Follow Us<\/span>\n\t<\/span>\n<\/h5>\n\n\n<div class=\"cnvs-block-twitter cnvs-block-twitter-1569494184955 cnvs-block-twitter-layout-slider\" ><\/div>\n\n\n<h5 id=\"trending-posts-2\" class=\"cnvs-block-section-heading cnvs-block-section-heading-1572085955624 is-style-cnvs-block-section-heading-default haligncenter\" >\n\t<span class=\"cnvs-section-title\">\n\t\t<span>Trending Posts<\/span>\n\t<\/span>\n<\/h5>\n\n\n\t<div class=\"cnvs-block-posts-sidebar cnvs-block-featured-posts-1569494381097 cnvs-block-posts-sidebar-list\">\n\t\t<div class=\"cnvs-block-posts-sidebar-inner\">\n\t\t\t<ul class=\"cnvs-posts-list\">\n\t\t\t\t\t\t\t\t\t<li class=\"cnvs-post-item\">\n\t\t\t\t\t\t\t\t\t\t\t\t\t<article class=\"layout-size-small post-3146 post type-post status-publish format-standard has-post-thumbnail category-eventos category-lifestyle category-news\">\n\t\t\t\t\t\t\t\t<div class=\"post-outer\">\n\t\t\t\t\t\t\t\t\t\t\t\t\t\t\t\t\t\t\t<div class=\"post-inner\">\n\t\t\t\t\t\t\t\t\t\t\t<a href=\"https:\/\/devotion.es\/?p=3146\" class=\"post-thumbnail\">\n\t\t\t\t\t\t\t\t\t\t\t\t<img loading=\"lazy\" decoding=\"async\" width=\"90\" height=\"90\" src=\"https:\/\/devotion.es\/wp-content\/uploads\/2026\/04\/casa-decor-2026-fachada-001-90x90.jpg\" class=\"attachment-csco-90-square size-csco-90-square wp-post-image\" alt=\"\" srcset=\"https:\/\/devotion.es\/wp-content\/uploads\/2026\/04\/casa-decor-2026-fachada-001-90x90.jpg 90w, https:\/\/devotion.es\/wp-content\/uploads\/2026\/04\/casa-decor-2026-fachada-001-80x80.jpg 80w, https:\/\/devotion.es\/wp-content\/uploads\/2026\/04\/casa-decor-2026-fachada-001-120x120.jpg 120w, https:\/\/devotion.es\/wp-content\/uploads\/2026\/04\/casa-decor-2026-fachada-001-320x320.jpg 320w, https:\/\/devotion.es\/wp-content\/uploads\/2026\/04\/casa-decor-2026-fachada-001-560x560.jpg 560w, https:\/\/devotion.es\/wp-content\/uploads\/2026\/04\/casa-decor-2026-fachada-001-800x800.jpg 800w, https:\/\/devotion.es\/wp-content\/uploads\/2026\/04\/casa-decor-2026-fachada-001-1160x1160.jpg 1160w, https:\/\/devotion.es\/wp-content\/uploads\/2026\/04\/casa-decor-2026-fachada-001-1920x1920.jpg 1920w\" sizes=\"auto, (max-width: 90px) 100vw, 90px\" \/>\n\t\t\t\t\t\t\t\t\t\t\t\t\t\t\t\t\t\t\t\t\t\t\t<\/a>\n\t\t\t\t\t\t\t\t\t\t<\/div>\n\t\t\t\t\t\t\t\t\t\n\t\t\t\t\t\t\t\t\t<div class=\"post-inner\">\n\t\t\t\t\t\t\t\t\t\t<div class=\"meta-category\"><ul class=\"post-categories\">\n\t<li><a href=\"https:\/\/devotion.es\/?cat=19\" rel=\"category\">Eventos<\/a><\/li>\n\t<li><a href=\"https:\/\/devotion.es\/?cat=10\" rel=\"category\">Lifestyle<\/a><\/li>\n\t<li><a href=\"https:\/\/devotion.es\/?cat=9\" rel=\"category\">News<\/a><\/li><\/ul><\/div>\n\t\t\t\t\t\t\t\t\t\t<h2 class=\"entry-title\">\n\t\t\t\t\t\t\t\t\t\t\t<a href=\"https:\/\/devotion.es\/?p=3146\">Casa Decor 2026: Una Edici\u00f3n de Oro en el Coraz\u00f3n de las Letras<\/a>\n\t\t\t\t\t\t\t\t\t\t<\/h2>\n\n\t\t\t\t\t\t\t\t\t\t<ul class=\"post-meta\"><li class=\"meta-author\"><span class=\"author\"><a class=\"url fn n\" href=\"https:\/\/devotion.es\/?author=1\" title=\"View all posts by devotion\">devotion<\/a><\/span><\/li><li class=\"meta-date\"><a href=\"https:\/\/devotion.es\/?p=3146\" rel=\"bookmark\">20.03.26<\/a><\/li><\/ul>\t\t\t\t\t\t\t\t\t<\/div>\n\t\t\t\t\t\t\t\t<\/div>\n\t\t\t\t\t\t\t<\/article>\n\t\t\t\t\t\t\t\t\t\t\t\t<\/li>\n\t\t\t\t\t\t\t\t\t\t<li class=\"cnvs-post-item\">\n\t\t\t\t\t\t\t\t\t\t\t\t\t<article class=\"layout-size-small post-3110 post type-post status-publish format-standard has-post-thumbnail category-eventos category-news\">\n\t\t\t\t\t\t\t\t<div class=\"post-outer\">\n\t\t\t\t\t\t\t\t\t\t\t\t\t\t\t\t\t\t\t<div class=\"post-inner\">\n\t\t\t\t\t\t\t\t\t\t\t<a href=\"https:\/\/devotion.es\/?p=3110\" class=\"post-thumbnail\">\n\t\t\t\t\t\t\t\t\t\t\t\t<img loading=\"lazy\" decoding=\"async\" width=\"90\" height=\"90\" src=\"https:\/\/devotion.es\/wp-content\/uploads\/2025\/10\/IMG_3306-90x90.jpg\" class=\"attachment-csco-90-square size-csco-90-square wp-post-image\" alt=\"\" srcset=\"https:\/\/devotion.es\/wp-content\/uploads\/2025\/10\/IMG_3306-90x90.jpg 90w, https:\/\/devotion.es\/wp-content\/uploads\/2025\/10\/IMG_3306-80x80.jpg 80w, https:\/\/devotion.es\/wp-content\/uploads\/2025\/10\/IMG_3306-120x120.jpg 120w, https:\/\/devotion.es\/wp-content\/uploads\/2025\/10\/IMG_3306-320x320.jpg 320w\" sizes=\"auto, (max-width: 90px) 100vw, 90px\" \/>\n\t\t\t\t\t\t\t\t\t\t\t\t\t\t\t\t\t\t\t\t\t\t\t<\/a>\n\t\t\t\t\t\t\t\t\t\t<\/div>\n\t\t\t\t\t\t\t\t\t\n\t\t\t\t\t\t\t\t\t<div class=\"post-inner\">\n\t\t\t\t\t\t\t\t\t\t<div class=\"meta-category\"><ul class=\"post-categories\">\n\t<li><a href=\"https:\/\/devotion.es\/?cat=19\" rel=\"category\">Eventos<\/a><\/li>\n\t<li><a href=\"https:\/\/devotion.es\/?cat=9\" rel=\"category\">News<\/a><\/li><\/ul><\/div>\n\t\t\t\t\t\t\t\t\t\t<h2 class=\"entry-title\">\n\t\t\t\t\t\t\t\t\t\t\t<a href=\"https:\/\/devotion.es\/?p=3110\">Gastronom\u00eda, territorio y memoria: un tributo a Manab\u00ed en el coraz\u00f3n de Madrid<\/a>\n\t\t\t\t\t\t\t\t\t\t<\/h2>\n\n\t\t\t\t\t\t\t\t\t\t<ul class=\"post-meta\"><li class=\"meta-author\"><span class=\"author\"><a class=\"url fn n\" href=\"https:\/\/devotion.es\/?author=1\" title=\"View all posts by devotion\">devotion<\/a><\/span><\/li><li class=\"meta-date\"><a href=\"https:\/\/devotion.es\/?p=3110\" rel=\"bookmark\">28.10.25<\/a><\/li><\/ul>\t\t\t\t\t\t\t\t\t<\/div>\n\t\t\t\t\t\t\t\t<\/div>\n\t\t\t\t\t\t\t<\/article>\n\t\t\t\t\t\t\t\t\t\t\t\t<\/li>\n\t\t\t\t\t\t\t\t\t\t<li class=\"cnvs-post-item\">\n\t\t\t\t\t\t\t\t\t\t\t\t\t<article class=\"layout-size-small post-3060 post type-post status-publish format-standard has-post-thumbnail category-eventos category-lifestyle category-news\">\n\t\t\t\t\t\t\t\t<div class=\"post-outer\">\n\t\t\t\t\t\t\t\t\t\t\t\t\t\t\t\t\t\t\t<div class=\"post-inner\">\n\t\t\t\t\t\t\t\t\t\t\t<a href=\"https:\/\/devotion.es\/?p=3060\" class=\"post-thumbnail\">\n\t\t\t\t\t\t\t\t\t\t\t\t<img loading=\"lazy\" decoding=\"async\" width=\"90\" height=\"90\" src=\"https:\/\/devotion.es\/wp-content\/uploads\/2025\/03\/Captura-de-pantalla-2025-04-02-a-las-19.25.38-90x90.png\" class=\"attachment-csco-90-square size-csco-90-square wp-post-image\" alt=\"\" srcset=\"https:\/\/devotion.es\/wp-content\/uploads\/2025\/03\/Captura-de-pantalla-2025-04-02-a-las-19.25.38-90x90.png 90w, https:\/\/devotion.es\/wp-content\/uploads\/2025\/03\/Captura-de-pantalla-2025-04-02-a-las-19.25.38-800x800.png 800w, https:\/\/devotion.es\/wp-content\/uploads\/2025\/03\/Captura-de-pantalla-2025-04-02-a-las-19.25.38-80x80.png 80w, https:\/\/devotion.es\/wp-content\/uploads\/2025\/03\/Captura-de-pantalla-2025-04-02-a-las-19.25.38-120x120.png 120w, https:\/\/devotion.es\/wp-content\/uploads\/2025\/03\/Captura-de-pantalla-2025-04-02-a-las-19.25.38-320x320.png 320w, https:\/\/devotion.es\/wp-content\/uploads\/2025\/03\/Captura-de-pantalla-2025-04-02-a-las-19.25.38-560x560.png 560w, https:\/\/devotion.es\/wp-content\/uploads\/2025\/03\/Captura-de-pantalla-2025-04-02-a-las-19.25.38.png 1140w\" sizes=\"auto, (max-width: 90px) 100vw, 90px\" \/>\n\t\t\t\t\t\t\t\t\t\t\t\t\t\t\t\t\t\t\t\t\t\t\t<\/a>\n\t\t\t\t\t\t\t\t\t\t<\/div>\n\t\t\t\t\t\t\t\t\t\n\t\t\t\t\t\t\t\t\t<div class=\"post-inner\">\n\t\t\t\t\t\t\t\t\t\t<div class=\"meta-category\"><ul class=\"post-categories\">\n\t<li><a href=\"https:\/\/devotion.es\/?cat=19\" rel=\"category\">Eventos<\/a><\/li>\n\t<li><a href=\"https:\/\/devotion.es\/?cat=10\" rel=\"category\">Lifestyle<\/a><\/li>\n\t<li><a href=\"https:\/\/devotion.es\/?cat=9\" rel=\"category\">News<\/a><\/li><\/ul><\/div>\n\t\t\t\t\t\t\t\t\t\t<h2 class=\"entry-title\">\n\t\t\t\t\t\t\t\t\t\t\t<a href=\"https:\/\/devotion.es\/?p=3060\">Casa Ecuador 2025<\/a>\n\t\t\t\t\t\t\t\t\t\t<\/h2>\n\n\t\t\t\t\t\t\t\t\t\t<ul class=\"post-meta\"><li class=\"meta-author\"><span class=\"author\"><a class=\"url fn n\" href=\"https:\/\/devotion.es\/?author=1\" title=\"View all posts by devotion\">devotion<\/a><\/span><\/li><li class=\"meta-date\"><a href=\"https:\/\/devotion.es\/?p=3060\" rel=\"bookmark\">04.03.25<\/a><\/li><\/ul>\t\t\t\t\t\t\t\t\t<\/div>\n\t\t\t\t\t\t\t\t<\/div>\n\t\t\t\t\t\t\t<\/article>\n\t\t\t\t\t\t\t\t\t\t\t\t<\/li>\n\t\t\t\t\t\t\t\t\t\t<li class=\"cnvs-post-item\">\n\t\t\t\t\t\t\t\t\t\t\t\t\t<article class=\"layout-size-small post-3027 post type-post status-publish format-standard has-post-thumbnail category-eventos category-fashion category-lifestyle category-news\">\n\t\t\t\t\t\t\t\t<div class=\"post-outer\">\n\t\t\t\t\t\t\t\t\t\t\t\t\t\t\t\t\t\t\t<div class=\"post-inner\">\n\t\t\t\t\t\t\t\t\t\t\t<a href=\"https:\/\/devotion.es\/?p=3027\" class=\"post-thumbnail\">\n\t\t\t\t\t\t\t\t\t\t\t\t<img loading=\"lazy\" decoding=\"async\" width=\"90\" height=\"90\" src=\"https:\/\/devotion.es\/wp-content\/uploads\/2024\/05\/Radisson-RED-Madrid-Reception-916x516-1-90x90.jpg\" class=\"attachment-csco-90-square size-csco-90-square wp-post-image\" alt=\"\" srcset=\"https:\/\/devotion.es\/wp-content\/uploads\/2024\/05\/Radisson-RED-Madrid-Reception-916x516-1-90x90.jpg 90w, https:\/\/devotion.es\/wp-content\/uploads\/2024\/05\/Radisson-RED-Madrid-Reception-916x516-1-80x80.jpg 80w, https:\/\/devotion.es\/wp-content\/uploads\/2024\/05\/Radisson-RED-Madrid-Reception-916x516-1-120x120.jpg 120w, https:\/\/devotion.es\/wp-content\/uploads\/2024\/05\/Radisson-RED-Madrid-Reception-916x516-1-320x320.jpg 320w\" sizes=\"auto, (max-width: 90px) 100vw, 90px\" \/>\n\t\t\t\t\t\t\t\t\t\t\t\t\t\t\t\t\t\t\t\t\t\t\t<\/a>\n\t\t\t\t\t\t\t\t\t\t<\/div>\n\t\t\t\t\t\t\t\t\t\n\t\t\t\t\t\t\t\t\t<div class=\"post-inner\">\n\t\t\t\t\t\t\t\t\t\t<div class=\"meta-category\"><ul class=\"post-categories\">\n\t<li><a href=\"https:\/\/devotion.es\/?cat=19\" rel=\"category\">Eventos<\/a><\/li>\n\t<li><a href=\"https:\/\/devotion.es\/?cat=7\" rel=\"category\">Fashion<\/a><\/li>\n\t<li><a href=\"https:\/\/devotion.es\/?cat=10\" rel=\"category\">Lifestyle<\/a><\/li>\n\t<li><a href=\"https:\/\/devotion.es\/?cat=9\" rel=\"category\">News<\/a><\/li><\/ul><\/div>\n\t\t\t\t\t\t\t\t\t\t<h2 class=\"entry-title\">\n\t\t\t\t\t\t\t\t\t\t\t<a href=\"https:\/\/devotion.es\/?p=3027\">\u00a1San REDSIDRO: La fiesta castiza que revolucion\u00f3 Madrid!\u00a0<\/a>\n\t\t\t\t\t\t\t\t\t\t<\/h2>\n\n\t\t\t\t\t\t\t\t\t\t<ul class=\"post-meta\"><li class=\"meta-author\"><span class=\"author\"><a class=\"url fn n\" href=\"https:\/\/devotion.es\/?author=1\" title=\"View all posts by devotion\">devotion<\/a><\/span><\/li><li class=\"meta-date\"><a href=\"https:\/\/devotion.es\/?p=3027\" rel=\"bookmark\">15.05.24<\/a><\/li><\/ul>\t\t\t\t\t\t\t\t\t<\/div>\n\t\t\t\t\t\t\t\t<\/div>\n\t\t\t\t\t\t\t<\/article>\n\t\t\t\t\t\t\t\t\t\t\t\t<\/li>\n\t\t\t\t\t\t\t\t\t\t<li class=\"cnvs-post-item\">\n\t\t\t\t\t\t\t\t\t\t\t\t\t<article class=\"layout-size-small post-3001 post type-post status-publish format-standard has-post-thumbnail category-eventos category-news\">\n\t\t\t\t\t\t\t\t<div class=\"post-outer\">\n\t\t\t\t\t\t\t\t\t\t\t\t\t\t\t\t\t\t\t<div class=\"post-inner\">\n\t\t\t\t\t\t\t\t\t\t\t<a href=\"https:\/\/devotion.es\/?p=3001\" class=\"post-thumbnail\">\n\t\t\t\t\t\t\t\t\t\t\t\t<img loading=\"lazy\" decoding=\"async\" width=\"90\" height=\"90\" src=\"https:\/\/devotion.es\/wp-content\/uploads\/2024\/05\/53706281783_afb8340173_k-90x90.jpg\" class=\"attachment-csco-90-square size-csco-90-square wp-post-image\" alt=\"\" srcset=\"https:\/\/devotion.es\/wp-content\/uploads\/2024\/05\/53706281783_afb8340173_k-90x90.jpg 90w, https:\/\/devotion.es\/wp-content\/uploads\/2024\/05\/53706281783_afb8340173_k-80x80.jpg 80w, https:\/\/devotion.es\/wp-content\/uploads\/2024\/05\/53706281783_afb8340173_k-120x120.jpg 120w, https:\/\/devotion.es\/wp-content\/uploads\/2024\/05\/53706281783_afb8340173_k-320x320.jpg 320w, https:\/\/devotion.es\/wp-content\/uploads\/2024\/05\/53706281783_afb8340173_k-560x560.jpg 560w, https:\/\/devotion.es\/wp-content\/uploads\/2024\/05\/53706281783_afb8340173_k-800x800.jpg 800w, https:\/\/devotion.es\/wp-content\/uploads\/2024\/05\/53706281783_afb8340173_k-1160x1160.jpg 1160w\" sizes=\"auto, (max-width: 90px) 100vw, 90px\" \/>\n\t\t\t\t\t\t\t\t\t\t\t\t\t\t\t\t\t\t\t\t\t\t\t<\/a>\n\t\t\t\t\t\t\t\t\t\t<\/div>\n\t\t\t\t\t\t\t\t\t\n\t\t\t\t\t\t\t\t\t<div class=\"post-inner\">\n\t\t\t\t\t\t\t\t\t\t<div class=\"meta-category\"><ul class=\"post-categories\">\n\t<li><a href=\"https:\/\/devotion.es\/?cat=19\" rel=\"category\">Eventos<\/a><\/li>\n\t<li><a href=\"https:\/\/devotion.es\/?cat=9\" rel=\"category\">News<\/a><\/li><\/ul><\/div>\n\t\t\t\t\t\t\t\t\t\t<h2 class=\"entry-title\">\n\t\t\t\t\t\t\t\t\t\t\t<a href=\"https:\/\/devotion.es\/?p=3001\">SM El Rey premia la innovaci\u00f3n: J\u00f3venes excepcionales transforman el mundo en el Tour del Talento 2024:<\/a>\n\t\t\t\t\t\t\t\t\t\t<\/h2>\n\n\t\t\t\t\t\t\t\t\t\t<ul class=\"post-meta\"><li class=\"meta-author\"><span class=\"author\"><a class=\"url fn n\" href=\"https:\/\/devotion.es\/?author=1\" title=\"View all posts by devotion\">devotion<\/a><\/span><\/li><li class=\"meta-date\"><a href=\"https:\/\/devotion.es\/?p=3001\" rel=\"bookmark\">07.05.24<\/a><\/li><\/ul>\t\t\t\t\t\t\t\t\t<\/div>\n\t\t\t\t\t\t\t\t<\/div>\n\t\t\t\t\t\t\t<\/article>\n\t\t\t\t\t\t\t\t\t\t\t\t<\/li>\n\t\t\t\t\t\t\t\t<\/ul>\n\t\t<\/div>\n\t<\/div>\n\t\n\n\n<div class=\"sidebar-ads\">\n\t\t<a style=\"display: block; margin: 0 auto; max-width: 300px;\" href=\"https:\/\/devotion.es\">\n\t\t\t<img loading=\"lazy\" decoding=\"async\" src=\"https:\/\/devotion.es\/wp-content\/uploads\/2023\/11\/BANNER-WEB-DEVOTION-V4.jpg\" srcset=\"https:\/\/devotion.es\/wp-content\/uploads\/2023\/11\/BANNER-WEB-DEVOTION-V4.jpg, hhttps:\/\/devotion.es\/wp-content\/uploads\/2023\/11\/BANNER-WEB-DEVOTION-V4.jpg\" style=\"display: block; margin: 0 auto;\" width=\"300\" height=\"600\">\n\t\t<\/a>\n\t<\/div>\n\n\t<\/div>\n<\/div>\n\n\t\t\t<\/div>\n\t\t<\/div>\n\t<\/div>\n\n\t\n\n\n<p class=\"wp-block-paragraph\"><\/p>\n","protected":false},"excerpt":{"rendered":"","protected":false},"author":1,"featured_media":0,"parent":0,"menu_order":0,"comment_status":"closed","ping_status":"closed","template":"template-canvas-fullwidth.php","meta":{"_monsterinsights_skip_tracking":false,"_monsterinsights_sitenote_active":false,"_monsterinsights_sitenote_note":"","_monsterinsights_sitenote_category":0,"footnotes":""},"class_list":["post-2165","page","type-page","status-publish"],"aioseo_notices":[],"_links":{"self":[{"href":"https:\/\/devotion.es\/index.php?rest_route=\/wp\/v2\/pages\/2165","targetHints":{"allow":["GET"]}}],"collection":[{"href":"https:\/\/devotion.es\/index.php?rest_route=\/wp\/v2\/pages"}],"about":[{"href":"https:\/\/devotion.es\/index.php?rest_route=\/wp\/v2\/types\/page"}],"author":[{"embeddable":true,"href":"https:\/\/devotion.es\/index.php?rest_route=\/wp\/v2\/users\/1"}],"replies":[{"embeddable":true,"href":"https:\/\/devotion.es\/index.php?rest_route=%2Fwp%2Fv2%2Fcomments&post=2165"}],"version-history":[{"count":90,"href":"https:\/\/devotion.es\/index.php?rest_route=\/wp\/v2\/pages\/2165\/revisions"}],"predecessor-version":[{"id":2937,"href":"https:\/\/devotion.es\/index.php?rest_route=\/wp\/v2\/pages\/2165\/revisions\/2937"}],"wp:attachment":[{"href":"https:\/\/devotion.es\/index.php?rest_route=%2Fwp%2Fv2%2Fmedia&parent=2165"}],"curies":[{"name":"wp","href":"https:\/\/api.w.org\/{rel}","templated":true}]}}